{"id":1429,"date":"2019-01-30T13:20:24","date_gmt":"2019-01-30T13:20:24","guid":{"rendered":"https:\/\/www.curamodravard.se\/?page_id=2"},"modified":"2019-01-30T13:20:24","modified_gmt":"2019-01-30T13:20:24","slug":"hem","status":"publish","type":"page","link":"https:\/\/curabmm.se\/?page_id=1429","title":{"rendered":"Hem"},"content":{"rendered":"<p>[et_pb_section fb_built=&quot;1&quot; _builder_version=&quot;3.22.1&quot; custom_padding=&quot;1px|0px|0|0px|false|false&quot;][et_pb_row custom_padding=&quot;0|0px|0|0px|false|false&quot; _builder_version=&quot;3.22.1&quot;][et_pb_column type=&quot;4_4&quot; _builder_version=&quot;3.19.10&quot;][et_pb_slider _builder_version=&quot;3.22.1&quot; header_font=&quot;|700|||||||&quot; header_font_size=&quot;30px&quot; header_font_size_phone=&quot;22px&quot; header_font_size_last_edited=&quot;on|phone&quot; header_line_height=&quot;1.3em&quot; body_font=&quot;||||||||&quot; body_text_color=&quot;#ffffff&quot; body_font_size=&quot;18px&quot; body_line_height=&quot;1.5em&quot; background_image=&quot;https:\/\/curabmm.se\/wp-content\/uploads\/2019\/01\/cura-header-1.png&quot; module_alignment=&quot;center&quot; auto=&quot;on&quot;][et_pb_slide button_text=&quot;Kontakta oss&quot; button_link=&quot;\/kontakt&quot; use_text_overlay=&quot;on&quot; _builder_version=&quot;3.22.1&quot; header_font=&quot;|700|||||||&quot; background_color=&quot;#ffffff&quot; background_size=&quot;initial&quot; custom_padding=&quot;|||&quot;]<\/p>\n<h1><strong>V\u00e4lkommen till<br \/> Cura Barnmorskemottagning och M\u00f6drav\u00e5rd <\/strong><\/h1>\n<h1><strong>i Malm\u00f6<\/strong><\/h1>\n<p><strong><em>Vi \u00e4r ingen vanlig Barnmorskemottagning, vi \u00e4r mer!<\/em><\/strong><\/p>\n<p><strong><\/strong><\/p>\n<p>[\/et_pb_slide][\/et_pb_slider][et_pb_text _builder_version=&#8221;3.22.1&#8243;]<\/p>\n<p style=\"text-align: center;\"><span style=\"font-size: 18px; color: #ff0000;\">NYHET!\u00a0Vi erbjuder alla kvinnor med vanligt f\u00f6rekommande gynekologiska problem tid f\u00f6r gynekologisk unders\u00f6kning och behandling hos barnmorska eller gynekolog, t.ex. vaginal flytning, kl\u00e5da, sm\u00e4rtsamma menstruationer, samlagssm\u00e4rta, menstruationsf\u00f6rskjutning, framfall, ospecificerade gynekologiska symptom, eller helt enkelt \u00f6nskan om gynekologisk unders\u00f6kning. Patientavgift 200 kr.<\/span><\/p>\n<p style=\"text-align: center;\"><span style=\"font-size: 18px; color: #ff0000;\">\u00c4nnu en NYHET! Utveckling av PREEKLAMPSI (havandeskapsf\u00f6rgiftning) kan i 80% av fallen f\u00f6ruts\u00e4gas och vi erbjuder i samband med KUB-testet ett screeningtest (ultraljud med blodfl\u00f6desm\u00e4tning, blodprov, blodtrycksm\u00e4tning). Fr\u00e5ga Din barnmorska.\u00a0<\/span><\/p>\n<p style=\"text-align: center;\"><span style=\"font-size: 18px;\">Vi \u00e4r Barnmorskemottagningen och M\u00f6drav\u00e5rdscentralen med det personliga och professionella omh\u00e4ndertagandet av gravida kvinnor. V\u00e5ra barnmorskor har alla l\u00e5ng erfarenhet och h\u00f6g kompetens och du f\u00e5r tr\u00e4ffa samma barnmorska vid varje bes\u00f6k. Vi lyssnar p\u00e5 din ber\u00e4ttelse och dina \u00f6nskem\u00e5l och vi anstr\u00e4nger oss s\u00e5 att du kan k\u00e4nna dig trygg och s\u00e4ker genom hela graviditeten. Vi bem\u00f6dar oss!<\/span><\/p>\n<p style=\"text-align: center;\">Du och din partner \u00e4r v\u00e4lkomna till v\u00e5r f\u00f6r\u00e4ldrautbildning, boka hos din <a href=\"https:\/\/curabmm.se\/sv\/barnmorska-malmo\/\">barnmorska<\/a>.<\/p>\n<p style=\"text-align: center;\">V\u00e5ra l\u00e4kare \u00e4r specialister i kvinnosjukdomar och f\u00f6rlossningar och har den h\u00f6gsta kliniska och akademiska kompetensen. P\u00e5 Curakliniken utf\u00f6r vi sj\u00e4lva v\u00e5ra ultraljud utan remisskr\u00e5ngel och v\u00e4ntetid! Genom v\u00e5rt uppdrag f\u00f6r Region Sk\u00e5ne bedriver vi basm\u00f6drav\u00e5rd, men vi har h\u00f6gre ambitioner \u00e4n s\u00e5 och erbjuder v\u00e5rdprogram anpassade efter Dina behov, t.ex. 32-veckorsultraljud f\u00f6r kontroll av fostertillv\u00e4xt\u00a0 och vaginalt ultraljud med cervixm\u00e4tning f\u00f6r prevention av f\u00f6rtidsb\u00f6rd.<\/p>\n<p style=\"text-align: center;\">L\u00e4s om <em>Tillv\u00e4xtkontroll och blodfl\u00f6desunders\u00f6kning<\/em> och v\u00e5rt <em>PrematurPreventionsProgram<\/em> under fliken <em>Gravid<\/em>.<\/p>\n<p style=\"text-align: center;\">L\u00e4s \u00e4ven <em>FAQ<\/em> (frequently asked questions) och <em>Professorns blogg<\/em> om medicinska h\u00e4ndelser och nya r\u00f6n.<\/p>\n<p style=\"text-align: center;\">Du \u00e4r \u00e4ven v\u00e4lkommen att boka tid f\u00f6r cellprov, preventivmedel, graviditetstest, vaccination mot HPV och provtagning f\u00f6r k\u00f6nssjukdomar. P\u00e5 tisdagar har vi drop-in kl. 08.00-09.00 (uppeh\u00e5ll under sommaren till v 34).<\/p>\n<p style=\"text-align: center;\">Vi \u00e4r Din privata MVC i Sk\u00e5ne, n\u00e4ra Malm\u00f6 City och n\u00e4ra Limhamn, med utm\u00e4rkta bussf\u00f6rbindelser och l\u00e4ttillg\u00e4nglig parkering.<\/p>\n<h2 style=\"text-align: center;\"><strong><em>Vi \u00e4r ingen vanlig barnmorskemottagning, vi \u00e4r mer!<\/em><\/strong><\/h2>\n<p style=\"text-align: center;\">V\u00e4lkommen att kontakta oss!<\/p>\n<p>[\/et_pb_text][\/et_pb_column][\/et_pb_row][\/et_pb_section][et_pb_section fb_built=&#8221;1&#8243; disabled_on=&#8221;on|on|on&#8221; _builder_version=&#8221;3.22&#8243; custom_padding=&#8221;0|0px|0px|0px|false|false&#8221; disabled=&#8221;on&#8221;][et_pb_row use_custom_gutter=&#8221;on&#8221; gutter_width=&#8221;1&#8243; custom_padding=&#8221;0|0px|0|0px|false|false&#8221; custom_margin=&#8221;|0px|0px|0px&#8221; make_equal=&#8221;on&#8221; background_color_1=&#8221;#5197ba&#8221; background_color_2=&#8221;#f4f4f4&#8243; custom_css_main_1=&#8221;padding: 50px;&#8221; custom_css_main_2=&#8221;padding: 50px;&#8221; module_class=&#8221; et_pb_row_fullwidth&#8221; _builder_version=&#8221;3.22&#8243; width=&#8221;100%&#8221; width_tablet=&#8221;100%&#8221; width_last_edited=&#8221;on|desktop&#8221; max_width=&#8221;100%&#8221; max_width_tablet=&#8221;100%&#8221; max_width_last_edited=&#8221;on|desktop&#8221; make_fullwidth=&#8221;on&#8221; background_color_1__hover_enabled=&#8221;on&#8221; background_color_1__hover=&#8221;#1f86ba&#8221; background_color_2__hover_enabled=&#8221;on&#8221; background_color_2__hover=&#8221;#dddddd&#8221;][et_pb_column type=&#8221;1_2&#8243; _builder_version=&#8221;3.19.10&#8243;][et_pb_text _builder_version=&#8221;3.19.10&#8243; text_font=&#8221;||||||||&#8221; text_text_color=&#8221;#ffffff&#8221; text_font_size_tablet=&#8221;18px&#8221; text_font_size_phone=&#8221;18px&#8221; text_font_size_last_edited=&#8221;on|tablet&#8221; link_font=&#8221;||||||||&#8221; ul_font=&#8221;||||||||&#8221; ul_font_size=&#8221;18px&#8221; ol_font=&#8221;||||||||&#8221; header_font=&#8221;|700|||||||&#8221; header_text_color=&#8221;#ffffff&#8221; header_font_size_tablet=&#8221;30px&#8221; header_font_size_phone=&#8221;24px&#8221; header_font_size_last_edited=&#8221;on|phone&#8221; header_line_height=&#8221;1.3em&#8221; header_2_font=&#8221;|700|||||||&#8221; header_2_text_color=&#8221;#ffffff&#8221; header_2_font_size=&#8221;24px&#8221; header_2_font_size_tablet=&#8221;23px&#8221; header_2_font_size_phone=&#8221;22px&#8221; header_2_font_size_last_edited=&#8221;on|phone&#8221; header_2_line_height=&#8221;1.3em&#8221; custom_padding=&#8221;40px|20px|40px|20px&#8221;]<\/p>\n<h2>Cura Barnmorskemottagning och M\u00f6drav\u00e5rd<\/h2>\n<p>Vi \u00e4r barnmorskemottagningen med det personliga och professionella omh\u00e4ndertagandet av gravida kvinnor, eller om Du beh\u00f6ver ta cellprov eller f\u00e5 preventivmedel. V\u00e5ra barnmorskor har alla l\u00e5ng erfarenhet och h\u00f6g kompetens och Du f\u00e5r tr\u00e4ffa samma barnmorska vid varje bes\u00f6k.<\/p>\n<p>Vi lyssnar p\u00e5 Din ber\u00e4ttelse och vi anstr\u00e4nger oss f\u00f6r att tillgodose Dina \u00f6nskem\u00e5l s\u00e5 att Du kan k\u00e4nna Dig trygg och s\u00e4ker genom hela graviditeten. M\u00f6drav\u00e5rden omfattar \u00e4ven f\u00f6r\u00e4ldrautbildning, dit Du och Din partner \u00e4r v\u00e4lkomna. Efter f\u00f6rlossningen \u00e4r Du v\u00e4lkommen att s\u00f6ka oss f\u00f6r hj\u00e4lp med amningen eller andra problem.<\/p>\n<p>[\/et_pb_text][et_pb_divider show_divider=&#8221;off&#8221; _builder_version=&#8221;3.19.10&#8243;][\/et_pb_divider][\/et_pb_column][et_pb_column type=&#8221;1_2&#8243; _builder_version=&#8221;3.19.10&#8243;][et_pb_text _builder_version=&#8221;3.19.10&#8243; text_font=&#8221;||||||||&#8221; text_font_size_tablet=&#8221;18px&#8221; text_font_size_phone=&#8221;18px&#8221; text_font_size_last_edited=&#8221;on|phone&#8221; header_font=&#8221;|700|||||||&#8221; header_font_size_tablet=&#8221;30px&#8221; header_font_size_phone=&#8221;24px&#8221; header_font_size_last_edited=&#8221;on|phone&#8221; header_line_height=&#8221;1.3em&#8221; header_2_font=&#8221;|700|||||||&#8221; header_2_font_size=&#8221;24px&#8221; header_2_font_size_phone=&#8221;22px&#8221; header_2_font_size_last_edited=&#8221;on|phone&#8221; header_2_line_height=&#8221;1.3em&#8221; custom_padding=&#8221;40px|20px|40px|20px&#8221;]<\/p>\n<p>V\u00e5ra l\u00e4kare \u00e4r specialister i kvinnosjukdomar och f\u00f6rlossningsv\u00e5rd och har h\u00f6g kompetens och l\u00e5ng erfarenhet. V\u00e5r ackreditering hos Region Sk\u00e5ne s\u00e4ger att vi ska bedriva basm\u00f6drav\u00e5rd, men vi vill mer och vi erbjuder en verksamhet ut\u00f6ver det basala med skr\u00e4ddarsydda v\u00e5rdprogram f\u00f6r vissa riskgraviditeter och prevention av komplikationer!<\/p>\n<p>Ut\u00f6ver m\u00f6drav\u00e5rd f\u00f6r gravida, cellprov och f\u00f6rskrivning av preventivmedel, \u00e4r Du v\u00e4lkommen att s\u00f6ka oss f\u00f6r graviditetstest, vaccination mot HPV och provtagning f\u00f6r k\u00f6nssjukdomar.<\/p>\n<p>V\u00e4lkommen!<\/p>\n<p>[\/et_pb_text][et_pb_divider show_divider=&#8221;off&#8221; _builder_version=&#8221;3.19.10&#8243;][\/et_pb_divider][\/et_pb_column][\/et_pb_row][\/et_pb_section][et_pb_section fb_built=&#8221;1&#8243; _builder_version=&#8221;3.22&#8243;][et_pb_row custom_padding=&#8221;||0px|&#8221; make_equal=&#8221;on&#8221; padding_top_bottom_link_1=&#8221;true&#8221; padding_top_bottom_link_2=&#8221;true&#8221; padding_top_bottom_link_3=&#8221;true&#8221; padding_top_1=&#8221;20px&#8221; padding_top_2=&#8221;20px&#8221; padding_top_3=&#8221;20px&#8221; padding_bottom_1=&#8221;20px&#8221; padding_bottom_2=&#8221;20px&#8221; padding_bottom_3=&#8221;20px&#8221; _builder_version=&#8221;3.22.1&#8243; custom_margin_phone=&#8221;||0px&#8221; custom_margin_last_edited=&#8221;on|tablet&#8221;][et_pb_column type=&#8221;1_3&#8243; _builder_version=&#8221;3.19.10&#8243;][et_pb_blurb title=&#8221;Om Cura Barnmorskemottagning &#038; M\u00f6drav\u00e5rd&#8221; use_icon=&#8221;on&#8221; font_icon=&#8221;%%305%%&#8221; icon_color=&#8221;#ffffff&#8221; use_circle=&#8221;on&#8221; use_icon_font_size=&#8221;on&#8221; icon_font_size=&#8221;28px&#8221; _builder_version=&#8221;3.19.10&#8243; header_font=&#8221;|700|||||||&#8221; header_text_align=&#8221;center&#8221; header_font_size=&#8221;24px&#8221; header_font_size_phone=&#8221;22px&#8221; header_font_size_last_edited=&#8221;on|desktop&#8221; header_line_height=&#8221;1.3em&#8221; body_font=&#8221;||||||||&#8221; body_text_align=&#8221;center&#8221; body_font_size=&#8221;18px&#8221; body_line_height=&#8221;1.5em&#8221; circle_color__hover_enabled=&#8221;on&#8221; circle_color__hover=&#8221;#1f86ba&#8221;]<\/p>\n<p>L\u00e4s mer om v\u00e5r klinik och personal h\u00e4r <\/p>\n<p>[\/et_pb_blurb][et_pb_button button_url=&#8221;\/om-oss&#8221; button_text=&#8221;Om oss&#8221; button_alignment=&#8221;center&#8221; _builder_version=&#8221;3.19.10&#8243;][\/et_pb_button][\/et_pb_column][et_pb_column type=&#8221;1_3&#8243; _builder_version=&#8221;3.19.10&#8243;][et_pb_blurb title=&#8221;Boka tid&#8221; use_icon=&#8221;on&#8221; font_icon=&#8221;%%222%%&#8221; icon_color=&#8221;#ffffff&#8221; use_circle=&#8221;on&#8221; use_icon_font_size=&#8221;on&#8221; icon_font_size=&#8221;28px&#8221; _builder_version=&#8221;3.22.1&#8243; header_font=&#8221;|700|||||||&#8221; header_text_align=&#8221;center&#8221; header_font_size=&#8221;24px&#8221; header_font_size_tablet=&#8221;22px&#8221; header_font_size_last_edited=&#8221;on|phone&#8221; header_line_height=&#8221;1.3em&#8221; body_font=&#8221;||||||||&#8221; body_text_align=&#8221;center&#8221; body_font_size=&#8221;18px&#8221; body_line_height=&#8221;1.5em&#8221; circle_color__hover_enabled=&#8221;on&#8221; circle_color__hover=&#8221;#1f86ba&#8221;]<\/p>\n<p>Du kan boka tid online eller genom att ringa, maila eller bes\u00f6ka oss<\/p>\n<p>[\/et_pb_blurb][et_pb_button button_url=&#8221;\/kontakt&#8221; button_text=&#8221;Kontakt&#8221; button_alignment=&#8221;center&#8221; _builder_version=&#8221;3.19.10&#8243;][\/et_pb_button][\/et_pb_column][et_pb_column type=&#8221;1_3&#8243; _builder_version=&#8221;3.19.10&#8243;][et_pb_blurb title=&#8221;1177 V\u00e5rdguiden&#8221; use_icon=&#8221;on&#8221; font_icon=&#8221;%%273%%&#8221; icon_color=&#8221;#ffffff&#8221; use_circle=&#8221;on&#8221; use_icon_font_size=&#8221;on&#8221; icon_font_size=&#8221;28px&#8221; _builder_version=&#8221;3.19.10&#8243; header_font=&#8221;|700|||||||&#8221; header_text_align=&#8221;center&#8221; header_font_size=&#8221;24px&#8221; header_font_size_tablet=&#8221;22px&#8221; header_font_size_last_edited=&#8221;on|phone&#8221; header_line_height=&#8221;1.3em&#8221; body_font=&#8221;||||||||&#8221; body_text_align=&#8221;center&#8221; body_font_size=&#8221;18px&#8221; body_line_height=&#8221;1.5em&#8221; circle_color__hover_enabled=&#8221;on&#8221; circle_color__hover=&#8221;#1f86ba&#8221;]<\/p>\n<p>Du kan \u00e4ven kontakta oss via V\u00e5rdguiden <\/p>\n<p>[\/et_pb_blurb][et_pb_button button_url=&#8221;https:\/\/www.1177.se\/Hitta-vard\/Skane\/Kontakt\/Cura-Barnmorskemottagning-Malmo\/&#8221; url_new_window=&#8221;on&#8221; button_text=&#8221;Kontakt&#8221; button_alignment=&#8221;center&#8221; _builder_version=&#8221;3.19.10&#8243;][\/et_pb_button][\/et_pb_column][\/et_pb_row][\/et_pb_section][et_pb_section fb_built=&#8221;1&#8243; _builder_version=&#8221;3.22&#8243; background_color=&#8221;#fcfcfc&#8221;][et_pb_row _builder_version=&#8221;3.22&#8243;][et_pb_column type=&#8221;4_4&#8243; _builder_version=&#8221;3.19.10&#8243;][et_pb_text _builder_version=&#8221;3.19.10&#8243; header_font=&#8221;||||||||&#8221; header_2_font=&#8221;|700|||||||&#8221; header_2_font_size=&#8221;24px&#8221; header_2_font_size_tablet=&#8221;18px&#8221; header_2_font_size_phone=&#8221;22px&#8221; header_2_font_size_last_edited=&#8221;on|phone&#8221; header_2_line_height=&#8221;1.3em&#8221;]<\/p>\n<h2 style=\"text-align: center;\">Senaste fr\u00e5n professorns blogg<\/h2>\n<p>[\/et_pb_text][et_pb_blog fullwidth=&#8221;off&#8221; posts_number=&#8221;3&#8243; include_categories=&#8221;all&#8221; show_thumbnail=&#8221;off&#8221; show_author=&#8221;off&#8221; show_categories=&#8221;off&#8221; _builder_version=&#8221;3.19.10&#8243; header_font=&#8221;|700|||||||&#8221; header_font_size=&#8221;24px&#8221; header_line_height=&#8221;1.3em&#8221; body_font=&#8221;||||||||&#8221; body_text_color=&#8221;#111111&#8243; body_font_size=&#8221;18px&#8221; body_line_height=&#8221;1.5em&#8221; meta_font=&#8221;||||||||&#8221; border_radii=&#8221;on|15px|15px|15px|15px&#8221; border_width_all=&#8221;0px&#8221; border_color_all=&#8221;#111111&#8243; box_shadow_style=&#8221;preset3&#8243; box_shadow_color__hover_enabled=&#8221;on&#8221;][\/et_pb_blog][et_pb_cta title=&#8221;Vill du l\u00e4sa alla inl\u00e4gg som vi skrivit?&#8221; button_url=&#8221;\/blogg&#8221; button_text=&#8221;Till professorns blogg&#8221; _builder_version=&#8221;3.19.10&#8243; header_font=&#8221;|700|||||||&#8221; header_font_size=&#8221;24px&#8221; header_font_size_phone=&#8221;22px&#8221; header_font_size_last_edited=&#8221;on|desktop&#8221;][\/et_pb_cta][\/et_pb_column][\/et_pb_row][\/et_pb_section]<\/p>\n","protected":false},"excerpt":{"rendered":"<p>[et_pb_section fb_built=&quot;1&quot; _builder_version=&quot;3.22.1&quot; custom_padding=&quot;1px|0px|0|0px|false|false&quot;][et_pb_row custom_padding=&quot;0|0px|0|0px|false|false&quot; _builder_version=&quot;3.22.1&quot;][et_pb_column type=&quot;4_4&quot; _builder_version=&quot;3.19.10&quot;][et_pb_slider _builder_version=&quot;3.22.1&quot; header_font=&quot;|700|||||||&quot; header_font_size=&quot;30px&quot; header_font_size_phone=&quot;22px&quot; header_font_size_last_edited=&quot;on|phone&quot; header_line_height=&quot;1.3em&quot; body_font=&quot;||||||||&quot; body_text_color=&quot;#ffffff&quot; body_font_size=&quot;18px&quot; body_line_height=&quot;1.5em&quot; background_image=&quot;https:\/\/curabmm.se\/wp-content\/uploads\/2019\/01\/cura-header-1.png&quot; module_alignment=&quot;center&quot; auto=&quot;on&quot;][et_pb_slide button_text=&quot;Kontakta oss&quot; button_link=&quot;\/kontakt&quot; use_text_overlay=&quot;on&quot; _builder_version=&quot;3.22.1&quot; header_font=&quot;|700|||||||&quot; background_color=&quot;#ffffff&quot; background_size=&quot;initial&quot; custom_padding=&quot;|||&quot;] V\u00e4lkommen till Cura Barnmorskemottagning och M\u00f6drav\u00e5rd i Malm\u00f6 Vi \u00e4r ingen vanlig Barnmorskemottagning, vi \u00e4r mer! [\/et_pb_slide][\/et_pb_slider][et_pb_text _builder_version=&#8221;3.22.1&#8243;] NYHET!\u00a0Vi erbjuder alla kvinnor med vanligt f\u00f6rekommande [&hellip;]<\/p>\n","protected":false},"author":1,"featured_media":0,"parent":0,"menu_order":0,"comment_status":"closed","ping_status":"closed","template":"","meta":{"footnotes":""},"class_list":["post-1429","page","type-page","status-publish","hentry"],"yoast_head":"<!-- This site is optimized with the Yoast SEO plugin v28.4 - https:\/\/yoast.com\/product\/yoast-seo-wordpress\/ -->\n<title>Barnmorskemottagning Malm\u00f6 \u2013 barnmorska &amp; gynekolog<\/title>\n<meta name=\"description\" content=\"Barnmorskemottagning i Malm\u00f6. Barnmorska, gynmottagning och gynekolog f\u00f6r graviditet, menstruation, cellprov &amp; preventivmedel. Boka eller drop-in.\" \/>\n<meta name=\"robots\" content=\"index, follow, max-snippet:-1, max-image-preview:large, max-video-preview:-1\" \/>\n<link rel=\"canonical\" href=\"https:\/\/curabmm.se\/?page_id=1429\" \/>\n<meta property=\"og:locale\" content=\"sv_SE\" \/>\n<meta property=\"og:type\" content=\"article\" \/>\n<meta property=\"og:title\" content=\"Barnmorskemottagning Malm\u00f6 \u2013 barnmorska &amp; gynekolog\" \/>\n<meta property=\"og:description\" content=\"Barnmorskemottagning i Malm\u00f6. Barnmorska, gynmottagning och gynekolog f\u00f6r graviditet, menstruation, cellprov &amp; preventivmedel. Boka eller drop-in.\" \/>\n<meta property=\"og:url\" content=\"https:\/\/curabmm.se\/?page_id=1429\" \/>\n<meta property=\"og:site_name\" content=\"CURA Barnmorskemottagning\" \/>\n<meta name=\"twitter:card\" content=\"summary_large_image\" \/>\n<meta name=\"twitter:label1\" content=\"Ber\u00e4knad l\u00e4stid\" \/>\n\t<meta name=\"twitter:data1\" content=\"4 minuter\" \/>\n<script type=\"application\/ld+json\" class=\"yoast-schema-graph\">{\"@context\":\"https:\\\/\\\/schema.org\",\"@graph\":[{\"@type\":\"WebPage\",\"@id\":\"https:\\\/\\\/curabmm.se\\\/?page_id=1429\",\"url\":\"https:\\\/\\\/curabmm.se\\\/?page_id=1429\",\"name\":\"Barnmorskemottagning Malm\u00f6 \u2013 barnmorska & gynekolog\",\"isPartOf\":{\"@id\":\"https:\\\/\\\/curabmm.se\\\/#website\"},\"datePublished\":\"2019-01-30T13:20:24+00:00\",\"description\":\"Barnmorskemottagning i Malm\u00f6. Barnmorska, gynmottagning och gynekolog f\u00f6r graviditet, menstruation, cellprov & preventivmedel. Boka eller drop-in.\",\"breadcrumb\":{\"@id\":\"https:\\\/\\\/curabmm.se\\\/?page_id=1429#breadcrumb\"},\"inLanguage\":\"sv-SE\",\"potentialAction\":[{\"@type\":\"ReadAction\",\"target\":[\"https:\\\/\\\/curabmm.se\\\/?page_id=1429\"]}]},{\"@type\":\"BreadcrumbList\",\"@id\":\"https:\\\/\\\/curabmm.se\\\/?page_id=1429#breadcrumb\",\"itemListElement\":[{\"@type\":\"ListItem\",\"position\":1,\"name\":\"Hem\",\"item\":\"https:\\\/\\\/curabmm.se\\\/\"},{\"@type\":\"ListItem\",\"position\":2,\"name\":\"Hem\"}]},{\"@type\":\"WebSite\",\"@id\":\"https:\\\/\\\/curabmm.se\\\/#website\",\"url\":\"https:\\\/\\\/curabmm.se\\\/\",\"name\":\"CURA Barnmorskemottagning\",\"description\":\"\",\"potentialAction\":[{\"@type\":\"SearchAction\",\"target\":{\"@type\":\"EntryPoint\",\"urlTemplate\":\"https:\\\/\\\/curabmm.se\\\/?s={search_term_string}\"},\"query-input\":{\"@type\":\"PropertyValueSpecification\",\"valueRequired\":true,\"valueName\":\"search_term_string\"}}],\"inLanguage\":\"sv-SE\"}]}<\/script>\n<!-- \/ Yoast SEO plugin. -->","yoast_head_json":{"title":"Barnmorskemottagning Malm\u00f6 \u2013 barnmorska & gynekolog","description":"Barnmorskemottagning i Malm\u00f6. Barnmorska, gynmottagning och gynekolog f\u00f6r graviditet, menstruation, cellprov & preventivmedel. Boka eller drop-in.","robots":{"index":"index","follow":"follow","max-snippet":"max-snippet:-1","max-image-preview":"max-image-preview:large","max-video-preview":"max-video-preview:-1"},"canonical":"https:\/\/curabmm.se\/?page_id=1429","og_locale":"sv_SE","og_type":"article","og_title":"Barnmorskemottagning Malm\u00f6 \u2013 barnmorska & gynekolog","og_description":"Barnmorskemottagning i Malm\u00f6. Barnmorska, gynmottagning och gynekolog f\u00f6r graviditet, menstruation, cellprov & preventivmedel. Boka eller drop-in.","og_url":"https:\/\/curabmm.se\/?page_id=1429","og_site_name":"CURA Barnmorskemottagning","twitter_card":"summary_large_image","twitter_misc":{"Ber\u00e4knad l\u00e4stid":"4 minuter"},"schema":{"@context":"https:\/\/schema.org","@graph":[{"@type":"WebPage","@id":"https:\/\/curabmm.se\/?page_id=1429","url":"https:\/\/curabmm.se\/?page_id=1429","name":"Barnmorskemottagning Malm\u00f6 \u2013 barnmorska & gynekolog","isPartOf":{"@id":"https:\/\/curabmm.se\/#website"},"datePublished":"2019-01-30T13:20:24+00:00","description":"Barnmorskemottagning i Malm\u00f6. Barnmorska, gynmottagning och gynekolog f\u00f6r graviditet, menstruation, cellprov & preventivmedel. Boka eller drop-in.","breadcrumb":{"@id":"https:\/\/curabmm.se\/?page_id=1429#breadcrumb"},"inLanguage":"sv-SE","potentialAction":[{"@type":"ReadAction","target":["https:\/\/curabmm.se\/?page_id=1429"]}]},{"@type":"BreadcrumbList","@id":"https:\/\/curabmm.se\/?page_id=1429#breadcrumb","itemListElement":[{"@type":"ListItem","position":1,"name":"Hem","item":"https:\/\/curabmm.se\/"},{"@type":"ListItem","position":2,"name":"Hem"}]},{"@type":"WebSite","@id":"https:\/\/curabmm.se\/#website","url":"https:\/\/curabmm.se\/","name":"CURA Barnmorskemottagning","description":"","potentialAction":[{"@type":"SearchAction","target":{"@type":"EntryPoint","urlTemplate":"https:\/\/curabmm.se\/?s={search_term_string}"},"query-input":{"@type":"PropertyValueSpecification","valueRequired":true,"valueName":"search_term_string"}}],"inLanguage":"sv-SE"}]}},"_links":{"self":[{"href":"https:\/\/curabmm.se\/index.php?rest_route=\/wp\/v2\/pages\/1429","targetHints":{"allow":["GET"]}}],"collection":[{"href":"https:\/\/curabmm.se\/index.php?rest_route=\/wp\/v2\/pages"}],"about":[{"href":"https:\/\/curabmm.se\/index.php?rest_route=\/wp\/v2\/types\/page"}],"author":[{"embeddable":true,"href":"https:\/\/curabmm.se\/index.php?rest_route=\/wp\/v2\/users\/1"}],"replies":[{"embeddable":true,"href":"https:\/\/curabmm.se\/index.php?rest_route=%2Fwp%2Fv2%2Fcomments&post=1429"}],"version-history":[{"count":0,"href":"https:\/\/curabmm.se\/index.php?rest_route=\/wp\/v2\/pages\/1429\/revisions"}],"wp:attachment":[{"href":"https:\/\/curabmm.se\/index.php?rest_route=%2Fwp%2Fv2%2Fmedia&parent=1429"}],"curies":[{"name":"wp","href":"https:\/\/api.w.org\/{rel}","templated":true}]}}