{"id":1159,"date":"2019-08-21T07:33:09","date_gmt":"2019-08-21T07:33:09","guid":{"rendered":"https:\/\/www.curamodravard.se\/?page_id=1159"},"modified":"2019-08-21T07:33:09","modified_gmt":"2019-08-21T07:33:09","slug":"amningsmottagning","status":"publish","type":"page","link":"https:\/\/curabmm.se\/?page_id=1159","title":{"rendered":"Amningsmottagning"},"content":{"rendered":"<p>Att bli f\u00f6r\u00e4lder \u00e4r f\u00f6r de flesta den mest v\u00e4rdefulla och sp\u00e4nnande h\u00e4ndelsen i livet. M\u00e5nga kvinnor upplever d\u00e4remot problem n\u00e4r de v\u00e4l har kommit hem fr\u00e5n f\u00f6rlossningen, d\u00e4ribland relaterade till amningen. P\u00e5 Cura M\u00f6drav\u00e5rd erbjuder vi d\u00e4rf\u00f6r en amningsmottagning dit du kan v\u00e4nda dig f\u00f6r r\u00e5dgivning och st\u00f6d!<\/p>\n<h2><strong>Amningsmottagning i Malm\u00f6<\/strong><\/h2>\n<p>Som tidigare n\u00e4mns \u00e4r det vanligt att man efter f\u00f6rlossningen kan uppleva n\u00e5gon typ av problem. Man vet heller inte vart man ska v\u00e4nda sig f\u00f6r att f\u00e5 r\u00e5dgivning och st\u00f6d i sin situation eftersom sjukhuset inte tar emot nyf\u00f6rl\u00f6sta kvinnor om det g\u00e5tt mer \u00e4n en vecka sedan f\u00f6rlossningen.<\/p>\n<p>Det \u00e4r ocks\u00e5 just d\u00e4rf\u00f6r som vi p\u00e5 Cura M\u00f6drav\u00e5rd erbjuder en amningsmottagning dit du alltid \u00e4r v\u00e4lkommen att v\u00e4nda dig vid eventuella problem eller ocks\u00e5 vid uppst\u00e5dda fr\u00e5gor och funderingar. Till oss \u00e4r alla kvinnor v\u00e4lkomna, \u00e4ven de som tillh\u00f6r en annan barnmorskemottagning.<\/p>\n<p>N\u00e5gra av de vanligaste amningsrelaterade problemen \u00e4r exempelvis att barnet suger d\u00e5ligt, att du f\u00e5r mj\u00f6lkstockning, s\u00e5riga br\u00f6stv\u00e5rtor, sm\u00e4rtor eller infektion. Vi str\u00e4var alltid efter att ge dig hj\u00e4lp med s\u00e5dana problem inom tre dygn!<\/p>\n<p>Till v\u00e5r mottagning kan du ocks\u00e5 komma med andra typer av besv\u00e4r, oavsett om det handlar om bed\u00f6mning av f\u00f6rlossningsskador, infektion, bl\u00f6dning, sm\u00e4rta, urinl\u00e4ckage eller psykiska besv\u00e4r. V\u00e5ra barnmorskor har l\u00e5ng erfarenhet och vid behov kan \u00e4ven konsultation hos specialistl\u00e4kare ges.<\/p>\n<p>L\u00e4s mer om v\u00e5r amningsmottagning under fliken <strong><a href=\"https:\/\/curabmm.se\/sv\/gravid\/\">Gravid<\/a> <\/strong>eller <strong><a href=\"https:\/\/curabmm.se\/sv\/kontakt\/\">kontakta oss<\/a><\/strong> s\u00e5 ber\u00e4ttar vi mer. Varmt v\u00e4lkommen till Cura M\u00f6drav\u00e5rd!<\/p>\n","protected":false},"excerpt":{"rendered":"<p>Att bli f\u00f6r\u00e4lder \u00e4r f\u00f6r de flesta den mest v\u00e4rdefulla och sp\u00e4nnande h\u00e4ndelsen i livet. M\u00e5nga kvinnor upplever d\u00e4remot problem n\u00e4r de v\u00e4l har kommit hem fr\u00e5n f\u00f6rlossningen, d\u00e4ribland relaterade till amningen. P\u00e5 Cura M\u00f6drav\u00e5rd erbjuder vi d\u00e4rf\u00f6r en amningsmottagning dit du kan v\u00e4nda dig f\u00f6r r\u00e5dgivning och st\u00f6d! Amningsmottagning i Malm\u00f6 Som tidigare n\u00e4mns [&hellip;]<\/p>\n","protected":false},"author":1,"featured_media":0,"parent":0,"menu_order":0,"comment_status":"closed","ping_status":"closed","template":"","meta":{"footnotes":""},"class_list":["post-1159","page","type-page","status-publish","hentry"],"yoast_head":"<!-- This site is optimized with the Yoast SEO plugin v28.4 - https:\/\/yoast.com\/product\/yoast-seo-wordpress\/ -->\n<title>Amningsmottagning - CURA Barnmorskemottagning<\/title>\n<meta name=\"robots\" content=\"index, follow, max-snippet:-1, max-image-preview:large, max-video-preview:-1\" \/>\n<link rel=\"canonical\" href=\"https:\/\/curabmm.se\/?page_id=1159\" \/>\n<meta property=\"og:locale\" content=\"sv_SE\" \/>\n<meta property=\"og:type\" content=\"article\" \/>\n<meta property=\"og:title\" content=\"Amningsmottagning - CURA Barnmorskemottagning\" \/>\n<meta property=\"og:description\" content=\"Att bli f\u00f6r\u00e4lder \u00e4r f\u00f6r de flesta den mest v\u00e4rdefulla och sp\u00e4nnande h\u00e4ndelsen i livet. M\u00e5nga kvinnor upplever d\u00e4remot problem n\u00e4r de v\u00e4l har kommit hem fr\u00e5n f\u00f6rlossningen, d\u00e4ribland relaterade till amningen. P\u00e5 Cura M\u00f6drav\u00e5rd erbjuder vi d\u00e4rf\u00f6r en amningsmottagning dit du kan v\u00e4nda dig f\u00f6r r\u00e5dgivning och st\u00f6d! Amningsmottagning i Malm\u00f6 Som tidigare n\u00e4mns [&hellip;]\" \/>\n<meta property=\"og:url\" content=\"https:\/\/curabmm.se\/?page_id=1159\" \/>\n<meta property=\"og:site_name\" content=\"CURA Barnmorskemottagning\" \/>\n<meta name=\"twitter:card\" content=\"summary_large_image\" \/>\n<meta name=\"twitter:label1\" content=\"Ber\u00e4knad l\u00e4stid\" \/>\n\t<meta name=\"twitter:data1\" content=\"2 minuter\" \/>\n<script type=\"application\/ld+json\" class=\"yoast-schema-graph\">{\"@context\":\"https:\\\/\\\/schema.org\",\"@graph\":[{\"@type\":\"WebPage\",\"@id\":\"https:\\\/\\\/curabmm.se\\\/?page_id=1159\",\"url\":\"https:\\\/\\\/curabmm.se\\\/?page_id=1159\",\"name\":\"Amningsmottagning - CURA Barnmorskemottagning\",\"isPartOf\":{\"@id\":\"https:\\\/\\\/curabmm.se\\\/#website\"},\"datePublished\":\"2019-08-21T07:33:09+00:00\",\"breadcrumb\":{\"@id\":\"https:\\\/\\\/curabmm.se\\\/?page_id=1159#breadcrumb\"},\"inLanguage\":\"sv-SE\",\"potentialAction\":[{\"@type\":\"ReadAction\",\"target\":[\"https:\\\/\\\/curabmm.se\\\/?page_id=1159\"]}]},{\"@type\":\"BreadcrumbList\",\"@id\":\"https:\\\/\\\/curabmm.se\\\/?page_id=1159#breadcrumb\",\"itemListElement\":[{\"@type\":\"ListItem\",\"position\":1,\"name\":\"Hem\",\"item\":\"https:\\\/\\\/curabmm.se\\\/\"},{\"@type\":\"ListItem\",\"position\":2,\"name\":\"Amningsmottagning\"}]},{\"@type\":\"WebSite\",\"@id\":\"https:\\\/\\\/curabmm.se\\\/#website\",\"url\":\"https:\\\/\\\/curabmm.se\\\/\",\"name\":\"CURA Barnmorskemottagning\",\"description\":\"\",\"potentialAction\":[{\"@type\":\"SearchAction\",\"target\":{\"@type\":\"EntryPoint\",\"urlTemplate\":\"https:\\\/\\\/curabmm.se\\\/?s={search_term_string}\"},\"query-input\":{\"@type\":\"PropertyValueSpecification\",\"valueRequired\":true,\"valueName\":\"search_term_string\"}}],\"inLanguage\":\"sv-SE\"}]}<\/script>\n<!-- \/ Yoast SEO plugin. -->","yoast_head_json":{"title":"Amningsmottagning - CURA Barnmorskemottagning","robots":{"index":"index","follow":"follow","max-snippet":"max-snippet:-1","max-image-preview":"max-image-preview:large","max-video-preview":"max-video-preview:-1"},"canonical":"https:\/\/curabmm.se\/?page_id=1159","og_locale":"sv_SE","og_type":"article","og_title":"Amningsmottagning - CURA Barnmorskemottagning","og_description":"Att bli f\u00f6r\u00e4lder \u00e4r f\u00f6r de flesta den mest v\u00e4rdefulla och sp\u00e4nnande h\u00e4ndelsen i livet. M\u00e5nga kvinnor upplever d\u00e4remot problem n\u00e4r de v\u00e4l har kommit hem fr\u00e5n f\u00f6rlossningen, d\u00e4ribland relaterade till amningen. P\u00e5 Cura M\u00f6drav\u00e5rd erbjuder vi d\u00e4rf\u00f6r en amningsmottagning dit du kan v\u00e4nda dig f\u00f6r r\u00e5dgivning och st\u00f6d! Amningsmottagning i Malm\u00f6 Som tidigare n\u00e4mns [&hellip;]","og_url":"https:\/\/curabmm.se\/?page_id=1159","og_site_name":"CURA Barnmorskemottagning","twitter_card":"summary_large_image","twitter_misc":{"Ber\u00e4knad l\u00e4stid":"2 minuter"},"schema":{"@context":"https:\/\/schema.org","@graph":[{"@type":"WebPage","@id":"https:\/\/curabmm.se\/?page_id=1159","url":"https:\/\/curabmm.se\/?page_id=1159","name":"Amningsmottagning - CURA Barnmorskemottagning","isPartOf":{"@id":"https:\/\/curabmm.se\/#website"},"datePublished":"2019-08-21T07:33:09+00:00","breadcrumb":{"@id":"https:\/\/curabmm.se\/?page_id=1159#breadcrumb"},"inLanguage":"sv-SE","potentialAction":[{"@type":"ReadAction","target":["https:\/\/curabmm.se\/?page_id=1159"]}]},{"@type":"BreadcrumbList","@id":"https:\/\/curabmm.se\/?page_id=1159#breadcrumb","itemListElement":[{"@type":"ListItem","position":1,"name":"Hem","item":"https:\/\/curabmm.se\/"},{"@type":"ListItem","position":2,"name":"Amningsmottagning"}]},{"@type":"WebSite","@id":"https:\/\/curabmm.se\/#website","url":"https:\/\/curabmm.se\/","name":"CURA Barnmorskemottagning","description":"","potentialAction":[{"@type":"SearchAction","target":{"@type":"EntryPoint","urlTemplate":"https:\/\/curabmm.se\/?s={search_term_string}"},"query-input":{"@type":"PropertyValueSpecification","valueRequired":true,"valueName":"search_term_string"}}],"inLanguage":"sv-SE"}]}},"_links":{"self":[{"href":"https:\/\/curabmm.se\/index.php?rest_route=\/wp\/v2\/pages\/1159","targetHints":{"allow":["GET"]}}],"collection":[{"href":"https:\/\/curabmm.se\/index.php?rest_route=\/wp\/v2\/pages"}],"about":[{"href":"https:\/\/curabmm.se\/index.php?rest_route=\/wp\/v2\/types\/page"}],"author":[{"embeddable":true,"href":"https:\/\/curabmm.se\/index.php?rest_route=\/wp\/v2\/users\/1"}],"replies":[{"embeddable":true,"href":"https:\/\/curabmm.se\/index.php?rest_route=%2Fwp%2Fv2%2Fcomments&post=1159"}],"version-history":[{"count":0,"href":"https:\/\/curabmm.se\/index.php?rest_route=\/wp\/v2\/pages\/1159\/revisions"}],"wp:attachment":[{"href":"https:\/\/curabmm.se\/index.php?rest_route=%2Fwp%2Fv2%2Fmedia&parent=1159"}],"curies":[{"name":"wp","href":"https:\/\/api.w.org\/{rel}","templated":true}]}}