{"id":1155,"date":"2019-08-21T07:31:31","date_gmt":"2019-08-21T07:31:31","guid":{"rendered":"https:\/\/www.curamodravard.se\/?page_id=1155"},"modified":"2019-08-21T07:31:31","modified_gmt":"2019-08-21T07:31:31","slug":"mvc-malmo-city","status":"publish","type":"page","link":"https:\/\/curabmm.se\/?page_id=1155","title":{"rendered":"MVC Malm\u00f6 City"},"content":{"rendered":"<p>Varmt v\u00e4lkommen till oss p\u00e5 Cura M\u00f6drav\u00e5rd \u2013 din lokala MVC i Malm\u00f6 City. Du hittar v\u00e5r m\u00f6drav\u00e5rdscentral p\u00e5 Erikslustv\u00e4gen 24, dit du enkelt tar dig b\u00e5de via bil- och kollektivtrafiken. V\u00e5rt m\u00e5l \u00e4r att g\u00f6ra din graviditet till en fin och trygg upplevelse!<\/p>\n<h2><strong>M\u00f6drav\u00e5rdscentral i Malm\u00f6 City<\/strong><\/h2>\n<p>H\u00e4r p\u00e5 Cura M\u00f6drav\u00e5rd arbetar vi alla mot ett och samma m\u00e5l \u2013 att din graviditet ska bli en fin och trygg upplevelse. Vi \u00e4r den lokala barnmorskemottagningen och m\u00f6drav\u00e5rdscentralen som erbjuder ett personligt och professionellt omh\u00e4ndertagande av gravida kvinnor.<\/p>\n<p>V\u00e5ra barnmorskor besitter alla l\u00e5ng erfarenhet och h\u00f6g kompetens. En viktig del i deras arbete \u00e4r ocks\u00e5 att lyssna p\u00e5 din ber\u00e4ttelse och dina \u00f6nskem\u00e5l, f\u00f6r att p\u00e5 s\u00e5 s\u00e4tt kunna erbjuda dig v\u00e5rdprogram som passar just dig.<\/p>\n<p>Genom v\u00e5rt v\u00e5rdavtal med Region Sk\u00e5ne kan vi erbjuda samtliga kvinnor basm\u00f6drav\u00e5rd. D\u00e5 v\u00e5ra ambitioner str\u00e4cker sig l\u00e4ngre \u00e4n s\u00e5 kan vi dessutom erbjuda personligt anpassade v\u00e5rdprogram som syftar till att g\u00f6ra din graviditet och -\u00f6vervakning \u00e4nnu b\u00e4ttre. Som exempel kan vi erbjuda dig:<\/p>\n<ul>\n<li>Tidigt ultraljud<\/li>\n<li>32-veckorsultraljud f\u00f6r kontroll av fostertillv\u00e4xt<\/li>\n<li>Vaginalt ultraljud med cervixm\u00e4tning f\u00f6r prevention av f\u00f6rtidsb\u00f6rd<\/li>\n<\/ul>\n<h3><strong>Tidigt ultraljud<\/strong><\/h3>\n<p>Ett tidigt ultraljud kan genomf\u00f6ras s\u00e5 tidigt som graviditetsvecka 7\u20138 och syftar till att s\u00e4kerst\u00e4lla att graviditeten \u00e4r normal. M\u00e5nga kvinnor som nyligen har blivit gravida kan n\u00e4mligen uppleva en viss oro och har d\u00e4rf\u00f6r en \u00f6nskan om att genomf\u00f6ra en tidig ultraljudsunders\u00f6kning.<\/p>\n<h3><strong>32-veckorsultraljud<\/strong><\/h3>\n<p>Ett 32-veckorsultraljud genomf\u00f6rs senare i graviditeten och syftar framf\u00f6rallt till att uppt\u00e4cka foster som inte v\u00e4xer som de ska. Genom att g\u00f6ra en ultraljudsunders\u00f6kning i graviditetsvecka 32 uppt\u00e4cker man n\u00e4stintill 70% fler barn med tillv\u00e4xth\u00e4mning, vilket ocks\u00e5 inneb\u00e4r att man kan ge barnen b\u00e4sta m\u00f6jliga f\u00f6ruts\u00e4ttningar att f\u00f6das friska.<\/p>\n<h3><strong>Vaginalt ultraljud<\/strong><\/h3>\n<p>Ett vaginalt ultraljud med cervixm\u00e4tning genomf\u00f6rs i graviditetsvecka 18\u201324 och syftar till att bed\u00f6ma risken f\u00f6r f\u00f6rtidsb\u00f6rd. En kort livmoderhals kan n\u00e4mligen tyda p\u00e5 en st\u00f6rre risk f\u00f6r f\u00f6rtidsb\u00f6rd. Genom att uppt\u00e4cka detta i ett tidigt skede kan man ocks\u00e5 erbjuda adekvat behandling f\u00f6r att reducera riskerna.<\/p>\n<p>L\u00e4s mer om v\u00e5ra unders\u00f6kningar under fliken <strong><a href=\"https:\/\/curabmm.se\/sv\/gravid\/\">Gravid<\/a><\/strong> eller <strong><a href=\"https:\/\/curabmm.se\/sv\/kontakt\/\">Kontakta oss<\/a><\/strong> redan idag f\u00f6r att boka en tid hos en personlig och professionell MVC i Malm\u00f6 City.<\/p>\n","protected":false},"excerpt":{"rendered":"<p>Varmt v\u00e4lkommen till oss p\u00e5 Cura M\u00f6drav\u00e5rd \u2013 din lokala MVC i Malm\u00f6 City. Du hittar v\u00e5r m\u00f6drav\u00e5rdscentral p\u00e5 Erikslustv\u00e4gen 24, dit du enkelt tar dig b\u00e5de via bil- och kollektivtrafiken. V\u00e5rt m\u00e5l \u00e4r att g\u00f6ra din graviditet till en fin och trygg upplevelse! M\u00f6drav\u00e5rdscentral i Malm\u00f6 City H\u00e4r p\u00e5 Cura M\u00f6drav\u00e5rd arbetar vi alla [&hellip;]<\/p>\n","protected":false},"author":1,"featured_media":0,"parent":0,"menu_order":0,"comment_status":"closed","ping_status":"closed","template":"","meta":{"footnotes":""},"class_list":["post-1155","page","type-page","status-publish","hentry"],"yoast_head":"<!-- This site is optimized with the Yoast SEO plugin v28.4 - https:\/\/yoast.com\/product\/yoast-seo-wordpress\/ -->\n<title>MVC Malm\u00f6 City - CURA Barnmorskemottagning<\/title>\n<meta name=\"robots\" content=\"index, follow, max-snippet:-1, max-image-preview:large, max-video-preview:-1\" \/>\n<link rel=\"canonical\" href=\"https:\/\/curabmm.se\/?page_id=1155\" \/>\n<meta property=\"og:locale\" content=\"sv_SE\" \/>\n<meta property=\"og:type\" content=\"article\" \/>\n<meta property=\"og:title\" content=\"MVC Malm\u00f6 City - CURA Barnmorskemottagning\" \/>\n<meta property=\"og:description\" content=\"Varmt v\u00e4lkommen till oss p\u00e5 Cura M\u00f6drav\u00e5rd \u2013 din lokala MVC i Malm\u00f6 City. Du hittar v\u00e5r m\u00f6drav\u00e5rdscentral p\u00e5 Erikslustv\u00e4gen 24, dit du enkelt tar dig b\u00e5de via bil- och kollektivtrafiken. V\u00e5rt m\u00e5l \u00e4r att g\u00f6ra din graviditet till en fin och trygg upplevelse! M\u00f6drav\u00e5rdscentral i Malm\u00f6 City H\u00e4r p\u00e5 Cura M\u00f6drav\u00e5rd arbetar vi alla [&hellip;]\" \/>\n<meta property=\"og:url\" content=\"https:\/\/curabmm.se\/?page_id=1155\" \/>\n<meta property=\"og:site_name\" content=\"CURA Barnmorskemottagning\" \/>\n<meta name=\"twitter:card\" content=\"summary_large_image\" \/>\n<meta name=\"twitter:label1\" content=\"Ber\u00e4knad l\u00e4stid\" \/>\n\t<meta name=\"twitter:data1\" content=\"2 minuter\" \/>\n<script type=\"application\/ld+json\" class=\"yoast-schema-graph\">{\"@context\":\"https:\\\/\\\/schema.org\",\"@graph\":[{\"@type\":\"WebPage\",\"@id\":\"https:\\\/\\\/curabmm.se\\\/?page_id=1155\",\"url\":\"https:\\\/\\\/curabmm.se\\\/?page_id=1155\",\"name\":\"MVC Malm\u00f6 City - CURA Barnmorskemottagning\",\"isPartOf\":{\"@id\":\"https:\\\/\\\/curabmm.se\\\/#website\"},\"datePublished\":\"2019-08-21T07:31:31+00:00\",\"breadcrumb\":{\"@id\":\"https:\\\/\\\/curabmm.se\\\/?page_id=1155#breadcrumb\"},\"inLanguage\":\"sv-SE\",\"potentialAction\":[{\"@type\":\"ReadAction\",\"target\":[\"https:\\\/\\\/curabmm.se\\\/?page_id=1155\"]}]},{\"@type\":\"BreadcrumbList\",\"@id\":\"https:\\\/\\\/curabmm.se\\\/?page_id=1155#breadcrumb\",\"itemListElement\":[{\"@type\":\"ListItem\",\"position\":1,\"name\":\"Hem\",\"item\":\"https:\\\/\\\/curabmm.se\\\/\"},{\"@type\":\"ListItem\",\"position\":2,\"name\":\"MVC Malm\u00f6 City\"}]},{\"@type\":\"WebSite\",\"@id\":\"https:\\\/\\\/curabmm.se\\\/#website\",\"url\":\"https:\\\/\\\/curabmm.se\\\/\",\"name\":\"CURA Barnmorskemottagning\",\"description\":\"\",\"potentialAction\":[{\"@type\":\"SearchAction\",\"target\":{\"@type\":\"EntryPoint\",\"urlTemplate\":\"https:\\\/\\\/curabmm.se\\\/?s={search_term_string}\"},\"query-input\":{\"@type\":\"PropertyValueSpecification\",\"valueRequired\":true,\"valueName\":\"search_term_string\"}}],\"inLanguage\":\"sv-SE\"}]}<\/script>\n<!-- \/ Yoast SEO plugin. -->","yoast_head_json":{"title":"MVC Malm\u00f6 City - CURA Barnmorskemottagning","robots":{"index":"index","follow":"follow","max-snippet":"max-snippet:-1","max-image-preview":"max-image-preview:large","max-video-preview":"max-video-preview:-1"},"canonical":"https:\/\/curabmm.se\/?page_id=1155","og_locale":"sv_SE","og_type":"article","og_title":"MVC Malm\u00f6 City - CURA Barnmorskemottagning","og_description":"Varmt v\u00e4lkommen till oss p\u00e5 Cura M\u00f6drav\u00e5rd \u2013 din lokala MVC i Malm\u00f6 City. Du hittar v\u00e5r m\u00f6drav\u00e5rdscentral p\u00e5 Erikslustv\u00e4gen 24, dit du enkelt tar dig b\u00e5de via bil- och kollektivtrafiken. V\u00e5rt m\u00e5l \u00e4r att g\u00f6ra din graviditet till en fin och trygg upplevelse! M\u00f6drav\u00e5rdscentral i Malm\u00f6 City H\u00e4r p\u00e5 Cura M\u00f6drav\u00e5rd arbetar vi alla [&hellip;]","og_url":"https:\/\/curabmm.se\/?page_id=1155","og_site_name":"CURA Barnmorskemottagning","twitter_card":"summary_large_image","twitter_misc":{"Ber\u00e4knad l\u00e4stid":"2 minuter"},"schema":{"@context":"https:\/\/schema.org","@graph":[{"@type":"WebPage","@id":"https:\/\/curabmm.se\/?page_id=1155","url":"https:\/\/curabmm.se\/?page_id=1155","name":"MVC Malm\u00f6 City - CURA Barnmorskemottagning","isPartOf":{"@id":"https:\/\/curabmm.se\/#website"},"datePublished":"2019-08-21T07:31:31+00:00","breadcrumb":{"@id":"https:\/\/curabmm.se\/?page_id=1155#breadcrumb"},"inLanguage":"sv-SE","potentialAction":[{"@type":"ReadAction","target":["https:\/\/curabmm.se\/?page_id=1155"]}]},{"@type":"BreadcrumbList","@id":"https:\/\/curabmm.se\/?page_id=1155#breadcrumb","itemListElement":[{"@type":"ListItem","position":1,"name":"Hem","item":"https:\/\/curabmm.se\/"},{"@type":"ListItem","position":2,"name":"MVC Malm\u00f6 City"}]},{"@type":"WebSite","@id":"https:\/\/curabmm.se\/#website","url":"https:\/\/curabmm.se\/","name":"CURA Barnmorskemottagning","description":"","potentialAction":[{"@type":"SearchAction","target":{"@type":"EntryPoint","urlTemplate":"https:\/\/curabmm.se\/?s={search_term_string}"},"query-input":{"@type":"PropertyValueSpecification","valueRequired":true,"valueName":"search_term_string"}}],"inLanguage":"sv-SE"}]}},"_links":{"self":[{"href":"https:\/\/curabmm.se\/index.php?rest_route=\/wp\/v2\/pages\/1155","targetHints":{"allow":["GET"]}}],"collection":[{"href":"https:\/\/curabmm.se\/index.php?rest_route=\/wp\/v2\/pages"}],"about":[{"href":"https:\/\/curabmm.se\/index.php?rest_route=\/wp\/v2\/types\/page"}],"author":[{"embeddable":true,"href":"https:\/\/curabmm.se\/index.php?rest_route=\/wp\/v2\/users\/1"}],"replies":[{"embeddable":true,"href":"https:\/\/curabmm.se\/index.php?rest_route=%2Fwp%2Fv2%2Fcomments&post=1155"}],"version-history":[{"count":0,"href":"https:\/\/curabmm.se\/index.php?rest_route=\/wp\/v2\/pages\/1155\/revisions"}],"wp:attachment":[{"href":"https:\/\/curabmm.se\/index.php?rest_route=%2Fwp%2Fv2%2Fmedia&parent=1155"}],"curies":[{"name":"wp","href":"https:\/\/api.w.org\/{rel}","templated":true}]}}