{"id":1153,"date":"2019-08-20T14:31:06","date_gmt":"2019-08-20T14:31:06","guid":{"rendered":"https:\/\/www.curamodravard.se\/?page_id=1153"},"modified":"2019-08-20T14:31:06","modified_gmt":"2019-08-20T14:31:06","slug":"ultraljud-malmo","status":"publish","type":"page","link":"https:\/\/curabmm.se\/?page_id=1153","title":{"rendered":"Ultraljud Malm\u00f6"},"content":{"rendered":"<p>\u00d6nskar du att g\u00f6ra ett ultraljud i Malm\u00f6? D\u00e5 \u00e4r du varmt v\u00e4lkommen till oss p\u00e5 Cura M\u00f6drav\u00e5rd \u2013 en privat barnmorskemottagning och m\u00f6drav\u00e5rdsklinik som erbjuder dig ett personligt och professionellt mottagande. Till oss kan du bl.a. komma f\u00f6r att genomf\u00f6ra ett ultraljud utan remisskr\u00e5ngel och v\u00e4ntetid!<\/p>\n<h2><strong>Ultraljudsunders\u00f6kningar hos Cura M\u00f6drav\u00e5rd<\/strong><\/h2>\n<p>Genom v\u00e5rt v\u00e5rdavtal med Region Sk\u00e5ne erbjuder vi gravida kvinnor basm\u00f6drav\u00e5rd, vilket inkluderar:<\/p>\n<ul>\n<li>H\u00e4lsosamtal<\/li>\n<li>KUB ultraljud<\/li>\n<li>Rutinultraljud<\/li>\n<li>Barnmorskebes\u00f6k<\/li>\n<li>Efterkontroll<\/li>\n<\/ul>\n<p>Som privat klinik str\u00e4cker sig v\u00e5ra ambitioner d\u00e4remot l\u00e4ngre \u00e4n s\u00e5. V\u00e5r ambition \u00e4r att du ska uppleva din graviditet som en fin och trygg upplevelse, \u00e4ven i situationer d\u00e4r du kan k\u00e4nna oro och r\u00e4dsla. Vi lyssnar d\u00e4rf\u00f6r p\u00e5 just dina \u00f6nskem\u00e5l och erbjuder dig m\u00f6jligheten att genomf\u00f6ra ultraljudsunders\u00f6kningar som inte erbjuds genom sjukv\u00e5rden:<\/p>\n<ul>\n<li>Tidigt ultraljud<\/li>\n<li>Cervixm\u00e4tning<\/li>\n<li>32-veckorsultraljud<\/li>\n<li>Blodfl\u00f6desunders\u00f6kning<\/li>\n<\/ul>\n<h3><strong>Tidigt ultraljud<\/strong><\/h3>\n<p>N\u00e4r man f\u00e5tt veta att man \u00e4r gravid \u00e4r det vanligtvis en omv\u00e4lvande upplevelse. M\u00e5nga har d\u00e4rf\u00f6r en \u00f6nskan om att tidigt kontrollera ifall graviditeten \u00e4r normal. N\u00e5got som \u00e4r m\u00f6jligt med hj\u00e4lp av en tidig ultraljudsunders\u00f6kning. En s\u00e5dan unders\u00f6kning kan genomf\u00f6ras redan i graviditetsvecka 7\u20138 och visar:<\/p>\n<ul>\n<li>Hinns\u00e4ck med graviditet i livmodern<\/li>\n<li>Antal foster<\/li>\n<li>Fostrets hj\u00e4rtaktivitet (efter cirka 6,5 veckor)<\/li>\n<li>Hur stort fostret \u00e4r, m\u00e4tt fr\u00e5n hj\u00e4ssa till rumpa (Crown-Rump-Length, CRL)<\/li>\n<li>Om fosterstorleken st\u00e4mmer med graviditetsl\u00e4ngden ber\u00e4knad enligt sista mens<\/li>\n<li>Gules\u00e4cken (fungerar som en tidig moderkaka)<\/li>\n<li>Uteblivet missfall (inget foster, ingen hj\u00e4rtaktivitet) \u2013 ny unders\u00f6kning kan beh\u00f6vas<\/li>\n<\/ul>\n<h3><strong>Cervixm\u00e4tning<\/strong><\/h3>\n<p>En Cervixm\u00e4tning \u00e4r m\u00f6jlig att genomf\u00f6ra i graviditetsvecka 18\u201324 och syftar till att bed\u00f6ma risken f\u00f6r f\u00f6rtidsb\u00f6rd. Unders\u00f6kningen sker via ett vaginalt ultraljud, i vilket man m\u00e4ter livmoderhalsens l\u00e4ngd. Ju kortare livmoderhals, desto st\u00f6rre \u00e4r risken f\u00f6r f\u00f6rtidsb\u00f6rd.<\/p>\n<h3><strong>32-veckorsultraljud<\/strong><\/h3>\n<p>P\u00e5 samma s\u00e4tt som m\u00e5nga kvinnor vill genomf\u00f6ra ett tidigt ultraljud f\u00f6r att kontrollera om deras graviditeten \u00e4r normal, vill m\u00e5nga ocks\u00e5 g\u00f6ra en unders\u00f6kning i ett senare skede. D\u00e5 f\u00f6r att kontrollera fostrets tillv\u00e4xt.<\/p>\n<p>Tack vare 32-veckorsultraljud uppt\u00e4cker man cirka 70% fler barn som v\u00e4xer l\u00e5ngsamt i magen. Misst\u00e4nker man att fostret v\u00e4xer l\u00e5ngsammare \u00e4n vanligt intensifieras \u00f6vervakningen och kontrollerna samtidigt som nya typer av unders\u00f6kningar sker.<\/p>\n<h3><strong>Blodfl\u00f6desunders\u00f6kning<\/strong><\/h3>\n<p>Vid misstanke om l\u00e5ngsam tillv\u00e4xt genomf\u00f6r man en s\u00e5 kallad blodfl\u00f6desunders\u00f6kning, vilket sker man hj\u00e4lp av en ultraljudsapparat som m\u00e4ter hastigheten p\u00e5 blodstr\u00f6mmen i ett blodk\u00e4rl. Mer specifikt kontrollerar man fl\u00f6desmotst\u00e5ndet i de blodk\u00e4rl som leder till moderkakan.<\/p>\n<p>Uppt\u00e4cker man under denna unders\u00f6kning att fl\u00f6desmotst\u00e5ndet \u00f6kat, \u00e4r riskerna f\u00f6r en fortsatt l\u00e5ngsam tillv\u00e4xt st\u00f6rre. Frekventa unders\u00f6kningar m\u00e5ste d\u00e5 genomf\u00f6ras. N\u00e5got som ocks\u00e5 g\u00f6r att man har fortsatt bra kontroll \u00f6ver l\u00e4get.<\/p>\n<h2><strong>Boka tid f\u00f6r ultraljud i Malm\u00f6<\/strong><\/h2>\n<p>Oavsett om du \u00f6nskar basm\u00f6drav\u00e5rd eller ocks\u00e5 vill genomf\u00f6ra n\u00e5gon av de andra ultraljudsunders\u00f6kningarna, \u00e4r du varmt v\u00e4lkommen att boka en tid hos oss p\u00e5 Cura M\u00f6drav\u00e5rd!<\/p>\n<p>L\u00e4s mer om v\u00e5ra unders\u00f6kningar under fliken <strong><a href=\"https:\/\/curabmm.se\/sv\/gravid\/\">Gravid<\/a><\/strong> eller <strong><a href=\"https:\/\/curabmm.se\/sv\/kontakt\/\">Kontakta oss<\/a><\/strong> redan idag f\u00f6r att boka en tid utan remisskr\u00e5ngel och l\u00e5nga v\u00e4ntetider.<\/p>\n","protected":false},"excerpt":{"rendered":"<p>\u00d6nskar du att g\u00f6ra ett ultraljud i Malm\u00f6? D\u00e5 \u00e4r du varmt v\u00e4lkommen till oss p\u00e5 Cura M\u00f6drav\u00e5rd \u2013 en privat barnmorskemottagning och m\u00f6drav\u00e5rdsklinik som erbjuder dig ett personligt och professionellt mottagande. Till oss kan du bl.a. komma f\u00f6r att genomf\u00f6ra ett ultraljud utan remisskr\u00e5ngel och v\u00e4ntetid! Ultraljudsunders\u00f6kningar hos Cura M\u00f6drav\u00e5rd Genom v\u00e5rt v\u00e5rdavtal med [&hellip;]<\/p>\n","protected":false},"author":1,"featured_media":0,"parent":0,"menu_order":0,"comment_status":"closed","ping_status":"closed","template":"","meta":{"footnotes":""},"class_list":["post-1153","page","type-page","status-publish","hentry"],"yoast_head":"<!-- This site is optimized with the Yoast SEO plugin v28.4 - https:\/\/yoast.com\/product\/yoast-seo-wordpress\/ -->\n<title>Ultraljud Malm\u00f6 - CURA Barnmorskemottagning<\/title>\n<meta name=\"robots\" content=\"index, follow, max-snippet:-1, max-image-preview:large, max-video-preview:-1\" \/>\n<link rel=\"canonical\" href=\"https:\/\/curabmm.se\/?page_id=1153\" \/>\n<meta property=\"og:locale\" content=\"sv_SE\" \/>\n<meta property=\"og:type\" content=\"article\" \/>\n<meta property=\"og:title\" content=\"Ultraljud Malm\u00f6 - CURA Barnmorskemottagning\" \/>\n<meta property=\"og:description\" content=\"\u00d6nskar du att g\u00f6ra ett ultraljud i Malm\u00f6? D\u00e5 \u00e4r du varmt v\u00e4lkommen till oss p\u00e5 Cura M\u00f6drav\u00e5rd \u2013 en privat barnmorskemottagning och m\u00f6drav\u00e5rdsklinik som erbjuder dig ett personligt och professionellt mottagande. Till oss kan du bl.a. komma f\u00f6r att genomf\u00f6ra ett ultraljud utan remisskr\u00e5ngel och v\u00e4ntetid! Ultraljudsunders\u00f6kningar hos Cura M\u00f6drav\u00e5rd Genom v\u00e5rt v\u00e5rdavtal med [&hellip;]\" \/>\n<meta property=\"og:url\" content=\"https:\/\/curabmm.se\/?page_id=1153\" \/>\n<meta property=\"og:site_name\" content=\"CURA Barnmorskemottagning\" \/>\n<meta name=\"twitter:card\" content=\"summary_large_image\" \/>\n<meta name=\"twitter:label1\" content=\"Ber\u00e4knad l\u00e4stid\" \/>\n\t<meta name=\"twitter:data1\" content=\"3 minuter\" \/>\n<script type=\"application\/ld+json\" class=\"yoast-schema-graph\">{\"@context\":\"https:\\\/\\\/schema.org\",\"@graph\":[{\"@type\":\"WebPage\",\"@id\":\"https:\\\/\\\/curabmm.se\\\/?page_id=1153\",\"url\":\"https:\\\/\\\/curabmm.se\\\/?page_id=1153\",\"name\":\"Ultraljud Malm\u00f6 - CURA Barnmorskemottagning\",\"isPartOf\":{\"@id\":\"https:\\\/\\\/curabmm.se\\\/#website\"},\"datePublished\":\"2019-08-20T14:31:06+00:00\",\"breadcrumb\":{\"@id\":\"https:\\\/\\\/curabmm.se\\\/?page_id=1153#breadcrumb\"},\"inLanguage\":\"sv-SE\",\"potentialAction\":[{\"@type\":\"ReadAction\",\"target\":[\"https:\\\/\\\/curabmm.se\\\/?page_id=1153\"]}]},{\"@type\":\"BreadcrumbList\",\"@id\":\"https:\\\/\\\/curabmm.se\\\/?page_id=1153#breadcrumb\",\"itemListElement\":[{\"@type\":\"ListItem\",\"position\":1,\"name\":\"Hem\",\"item\":\"https:\\\/\\\/curabmm.se\\\/\"},{\"@type\":\"ListItem\",\"position\":2,\"name\":\"Ultraljud Malm\u00f6\"}]},{\"@type\":\"WebSite\",\"@id\":\"https:\\\/\\\/curabmm.se\\\/#website\",\"url\":\"https:\\\/\\\/curabmm.se\\\/\",\"name\":\"CURA Barnmorskemottagning\",\"description\":\"\",\"potentialAction\":[{\"@type\":\"SearchAction\",\"target\":{\"@type\":\"EntryPoint\",\"urlTemplate\":\"https:\\\/\\\/curabmm.se\\\/?s={search_term_string}\"},\"query-input\":{\"@type\":\"PropertyValueSpecification\",\"valueRequired\":true,\"valueName\":\"search_term_string\"}}],\"inLanguage\":\"sv-SE\"}]}<\/script>\n<!-- \/ Yoast SEO plugin. -->","yoast_head_json":{"title":"Ultraljud Malm\u00f6 - CURA Barnmorskemottagning","robots":{"index":"index","follow":"follow","max-snippet":"max-snippet:-1","max-image-preview":"max-image-preview:large","max-video-preview":"max-video-preview:-1"},"canonical":"https:\/\/curabmm.se\/?page_id=1153","og_locale":"sv_SE","og_type":"article","og_title":"Ultraljud Malm\u00f6 - CURA Barnmorskemottagning","og_description":"\u00d6nskar du att g\u00f6ra ett ultraljud i Malm\u00f6? D\u00e5 \u00e4r du varmt v\u00e4lkommen till oss p\u00e5 Cura M\u00f6drav\u00e5rd \u2013 en privat barnmorskemottagning och m\u00f6drav\u00e5rdsklinik som erbjuder dig ett personligt och professionellt mottagande. Till oss kan du bl.a. komma f\u00f6r att genomf\u00f6ra ett ultraljud utan remisskr\u00e5ngel och v\u00e4ntetid! Ultraljudsunders\u00f6kningar hos Cura M\u00f6drav\u00e5rd Genom v\u00e5rt v\u00e5rdavtal med [&hellip;]","og_url":"https:\/\/curabmm.se\/?page_id=1153","og_site_name":"CURA Barnmorskemottagning","twitter_card":"summary_large_image","twitter_misc":{"Ber\u00e4knad l\u00e4stid":"3 minuter"},"schema":{"@context":"https:\/\/schema.org","@graph":[{"@type":"WebPage","@id":"https:\/\/curabmm.se\/?page_id=1153","url":"https:\/\/curabmm.se\/?page_id=1153","name":"Ultraljud Malm\u00f6 - CURA Barnmorskemottagning","isPartOf":{"@id":"https:\/\/curabmm.se\/#website"},"datePublished":"2019-08-20T14:31:06+00:00","breadcrumb":{"@id":"https:\/\/curabmm.se\/?page_id=1153#breadcrumb"},"inLanguage":"sv-SE","potentialAction":[{"@type":"ReadAction","target":["https:\/\/curabmm.se\/?page_id=1153"]}]},{"@type":"BreadcrumbList","@id":"https:\/\/curabmm.se\/?page_id=1153#breadcrumb","itemListElement":[{"@type":"ListItem","position":1,"name":"Hem","item":"https:\/\/curabmm.se\/"},{"@type":"ListItem","position":2,"name":"Ultraljud Malm\u00f6"}]},{"@type":"WebSite","@id":"https:\/\/curabmm.se\/#website","url":"https:\/\/curabmm.se\/","name":"CURA Barnmorskemottagning","description":"","potentialAction":[{"@type":"SearchAction","target":{"@type":"EntryPoint","urlTemplate":"https:\/\/curabmm.se\/?s={search_term_string}"},"query-input":{"@type":"PropertyValueSpecification","valueRequired":true,"valueName":"search_term_string"}}],"inLanguage":"sv-SE"}]}},"_links":{"self":[{"href":"https:\/\/curabmm.se\/index.php?rest_route=\/wp\/v2\/pages\/1153","targetHints":{"allow":["GET"]}}],"collection":[{"href":"https:\/\/curabmm.se\/index.php?rest_route=\/wp\/v2\/pages"}],"about":[{"href":"https:\/\/curabmm.se\/index.php?rest_route=\/wp\/v2\/types\/page"}],"author":[{"embeddable":true,"href":"https:\/\/curabmm.se\/index.php?rest_route=\/wp\/v2\/users\/1"}],"replies":[{"embeddable":true,"href":"https:\/\/curabmm.se\/index.php?rest_route=%2Fwp%2Fv2%2Fcomments&post=1153"}],"version-history":[{"count":0,"href":"https:\/\/curabmm.se\/index.php?rest_route=\/wp\/v2\/pages\/1153\/revisions"}],"wp:attachment":[{"href":"https:\/\/curabmm.se\/index.php?rest_route=%2Fwp%2Fv2%2Fmedia&parent=1153"}],"curies":[{"name":"wp","href":"https:\/\/api.w.org\/{rel}","templated":true}]}}