{"id":1151,"date":"2019-08-20T14:29:44","date_gmt":"2019-08-20T14:29:44","guid":{"rendered":"https:\/\/www.curamodravard.se\/?page_id=1151"},"modified":"2019-08-20T14:29:44","modified_gmt":"2019-08-20T14:29:44","slug":"privat-ultraljud-malmo","status":"publish","type":"page","link":"https:\/\/curabmm.se\/?page_id=1151","title":{"rendered":"Privat ultraljud Malm\u00f6"},"content":{"rendered":"<p>Varmt v\u00e4lkommen till oss p\u00e5 Cura M\u00f6drav\u00e5rd. Vi \u00e4r en barnmorskemottagning och m\u00f6drav\u00e5rdscentral som erbjuder ett personligt och professionellt omh\u00e4ndertagande av gravida kvinnor. Till oss kan du komma i en m\u00e4ngd olika skeenden av graviditeten, d\u00e4ribland om du \u00f6nskar att g\u00f6ra ett privat ultraljud i Malm\u00f6!<\/p>\n<h2><strong>Privat ultraljud hos Cura M\u00f6drav\u00e5rd<\/strong><\/h2>\n<p>Det finns m\u00e5nga anledningar till varf\u00f6r man vill g\u00f6ra en eller flera ultraljudsunders\u00f6kningar hos en privat klinik. En av de allra vanligaste anledningarna \u00e4r d\u00e4remot att man som blivande f\u00f6r\u00e4lder vill titta p\u00e5 sitt barn i magen oftare \u00e4n vad sjukv\u00e5rden kan erbjuda.<\/p>\n<p>Genom v\u00e5rt v\u00e5rdavtal med Region Sk\u00e5ne bedriver vi basm\u00f6drav\u00e5rd, men vi erbjuder \u00e4ven andra typer av ultraljudsunders\u00f6kningar som \u00e4r anpassade efter just dina behov, d\u00e4ribland:<\/p>\n<ul>\n<li>Tidigt ultraljud<\/li>\n<li>Cervixm\u00e4tning<\/li>\n<li>32-veckorsultraljud<\/li>\n<\/ul>\n<h3><strong>Tidigt ultraljud<\/strong><\/h3>\n<p>Till oss p\u00e5 Cura M\u00f6drav\u00e5rd v\u00e4nder sig exempelvis m\u00e5nga kvinnor f\u00f6r att g\u00f6ra ett tidigt ultraljud, vilket syftar till att f\u00f6rs\u00e4kra sig om att graviditeten \u00e4r normal. En tidig ultraljudsunders\u00f6kning kan genomf\u00f6ras redan i vecka 7\u20138 och visar:<\/p>\n<ul>\n<li>Hinns\u00e4ck med graviditet i livmodern<\/li>\n<li>Antal foster<\/li>\n<li>Fostrets hj\u00e4rtaktivitet (efter cirka 6,5 veckor)<\/li>\n<li>Hur stort fostret \u00e4r, m\u00e4tt fr\u00e5n hj\u00e4ssa till rumpa (Crown-Rump-Length, CRL)<\/li>\n<li>Om fosterstorleken st\u00e4mmer med graviditetsl\u00e4ngden ber\u00e4knad enligt sista mens<\/li>\n<li>Gules\u00e4cken (fungerar som en tidig moderkaka)<\/li>\n<li>Uteblivet missfall (inget foster, ingen hj\u00e4rtaktivitet) \u2013 ny unders\u00f6kning kan beh\u00f6vas<\/li>\n<\/ul>\n<p>Den tidiga ultraljudsunders\u00f6kningen ligger \u00e4ven till grund f\u00f6r att best\u00e4mma r\u00e4tt datum f\u00f6r KUB, vilket st\u00e5r f\u00f6r kombinerat ultraljud och blodprov.<\/p>\n<h3><strong>Kombinerat ultraljud och blodprov<\/strong><strong>\u00a0<\/strong><\/h3>\n<p>Syftet med den kombinerade ultraljudsunders\u00f6kningen och blodprovet \u00e4r att ta reda p\u00e5 om fostret kan ha n\u00e5gon av de vanligaste kromosomavvikelserna samt att datera graviditeten. I region Sk\u00e5ne erbjuds samtliga kvinnor en kostnadsfri KUB.<\/p>\n<h3><strong>Rutinultraljud i vecka 18\u201320<\/strong><\/h3>\n<p>Den ultraljudsunders\u00f6kning som sker i graviditetsvecka 18\u201320 brukar ben\u00e4mnas som rutinultraljud och erbjuds till samtliga kvinnor i Sverige. Syftet med denna unders\u00f6kning \u00e4r att:<\/p>\n<ul>\n<li>Kontrollera hur m\u00e5nga foster det finns<\/li>\n<li>Kontrollera moderkakans l\u00e4ge<\/li>\n<li>Uppt\u00e4cka eventuella missbildningar<\/li>\n<li>Fastst\u00e4lla graviditetsl\u00e4ngden<\/li>\n<\/ul>\n<h3><strong>Cervixm\u00e4tning<\/strong><\/h3>\n<p>Syftet med en Cervixm\u00e4tning \u00e4r att m\u00e4ta livmoderhalsens l\u00e4ngd f\u00f6r att d\u00e4rigenom bed\u00f6ma risken f\u00f6r f\u00f6rtidsb\u00f6rd. M\u00e4tningen sker i graviditetsvecka 18\u201324 och \u00e4r en av de unders\u00f6kningar vi kan erbjuda dig som privat klinik (ut\u00f6ver de som ing\u00e5r i basm\u00f6drav\u00e5rd).<\/p>\n<h3><strong>32-veckorsultraljud<\/strong><\/h3>\n<p>Genom att genomf\u00f6ra en ultraljudsunders\u00f6kning i graviditetsvecka 32 kan man kontrollera fostrets tillv\u00e4xt och d\u00e4rigenom uppt\u00e4cka ifall det v\u00e4xer l\u00e5ngsamt. Befarar man att s\u00e5 ocks\u00e5 \u00e4r fallet \u00f6kar b\u00e5de \u00f6vervakningen och kontrollerna, vilket enligt vetenskapliga studier \u00f6kar chanserna f\u00f6r att barnet ska m\u00e5 bra vid f\u00f6rlossningen.<\/p>\n<h2><strong>Boka tid f\u00f6r privat ultraljud i Malm\u00f6<\/strong><\/h2>\n<p>Att v\u00e4nta barn \u00e4r en av livets mest v\u00e4rdefulla erfarenheter. Det \u00e4r en period som inneh\u00e5ller b\u00e5de gl\u00e4dje och f\u00f6rv\u00e4ntan, men ocks\u00e5 oro och r\u00e4dsla. H\u00e4r p\u00e5 Cura M\u00f6drav\u00e5rd \u00e4r vi d\u00e4rf\u00f6r m\u00e5na om att lyssna p\u00e5 just din ber\u00e4ttelse och dina \u00f6nskem\u00e5l!<\/p>\n<p>L\u00e4s mer om v\u00e5ra unders\u00f6kningar under fliken <strong><a href=\"https:\/\/curabmm.se\/sv\/gravid\/\">Gravid<\/a><\/strong> eller <strong><a href=\"https:\/\/curabmm.se\/sv\/kontakt\/\">Kontakta oss<\/a><\/strong> redan idag f\u00f6r att boka in en privat ultraljudsunders\u00f6kning hos en m\u00f6drav\u00e5rdscentral som ger dig ett personligt och professionellt omh\u00e4ndertagande.<\/p>\n","protected":false},"excerpt":{"rendered":"<p>Varmt v\u00e4lkommen till oss p\u00e5 Cura M\u00f6drav\u00e5rd. Vi \u00e4r en barnmorskemottagning och m\u00f6drav\u00e5rdscentral som erbjuder ett personligt och professionellt omh\u00e4ndertagande av gravida kvinnor. Till oss kan du komma i en m\u00e4ngd olika skeenden av graviditeten, d\u00e4ribland om du \u00f6nskar att g\u00f6ra ett privat ultraljud i Malm\u00f6! Privat ultraljud hos Cura M\u00f6drav\u00e5rd Det finns m\u00e5nga anledningar [&hellip;]<\/p>\n","protected":false},"author":1,"featured_media":0,"parent":0,"menu_order":0,"comment_status":"closed","ping_status":"closed","template":"","meta":{"footnotes":""},"class_list":["post-1151","page","type-page","status-publish","hentry"],"yoast_head":"<!-- This site is optimized with the Yoast SEO plugin v28.4 - https:\/\/yoast.com\/product\/yoast-seo-wordpress\/ -->\n<title>Privat ultraljud Malm\u00f6 - CURA Barnmorskemottagning<\/title>\n<meta name=\"robots\" content=\"index, follow, max-snippet:-1, max-image-preview:large, max-video-preview:-1\" \/>\n<link rel=\"canonical\" href=\"https:\/\/curabmm.se\/?page_id=1151\" \/>\n<meta property=\"og:locale\" content=\"sv_SE\" \/>\n<meta property=\"og:type\" content=\"article\" \/>\n<meta property=\"og:title\" content=\"Privat ultraljud Malm\u00f6 - CURA Barnmorskemottagning\" \/>\n<meta property=\"og:description\" content=\"Varmt v\u00e4lkommen till oss p\u00e5 Cura M\u00f6drav\u00e5rd. Vi \u00e4r en barnmorskemottagning och m\u00f6drav\u00e5rdscentral som erbjuder ett personligt och professionellt omh\u00e4ndertagande av gravida kvinnor. Till oss kan du komma i en m\u00e4ngd olika skeenden av graviditeten, d\u00e4ribland om du \u00f6nskar att g\u00f6ra ett privat ultraljud i Malm\u00f6! Privat ultraljud hos Cura M\u00f6drav\u00e5rd Det finns m\u00e5nga anledningar [&hellip;]\" \/>\n<meta property=\"og:url\" content=\"https:\/\/curabmm.se\/?page_id=1151\" \/>\n<meta property=\"og:site_name\" content=\"CURA Barnmorskemottagning\" \/>\n<meta name=\"twitter:card\" content=\"summary_large_image\" \/>\n<meta name=\"twitter:label1\" content=\"Ber\u00e4knad l\u00e4stid\" \/>\n\t<meta name=\"twitter:data1\" content=\"3 minuter\" \/>\n<script type=\"application\/ld+json\" class=\"yoast-schema-graph\">{\"@context\":\"https:\\\/\\\/schema.org\",\"@graph\":[{\"@type\":\"WebPage\",\"@id\":\"https:\\\/\\\/curabmm.se\\\/?page_id=1151\",\"url\":\"https:\\\/\\\/curabmm.se\\\/?page_id=1151\",\"name\":\"Privat ultraljud Malm\u00f6 - CURA Barnmorskemottagning\",\"isPartOf\":{\"@id\":\"https:\\\/\\\/curabmm.se\\\/#website\"},\"datePublished\":\"2019-08-20T14:29:44+00:00\",\"breadcrumb\":{\"@id\":\"https:\\\/\\\/curabmm.se\\\/?page_id=1151#breadcrumb\"},\"inLanguage\":\"sv-SE\",\"potentialAction\":[{\"@type\":\"ReadAction\",\"target\":[\"https:\\\/\\\/curabmm.se\\\/?page_id=1151\"]}]},{\"@type\":\"BreadcrumbList\",\"@id\":\"https:\\\/\\\/curabmm.se\\\/?page_id=1151#breadcrumb\",\"itemListElement\":[{\"@type\":\"ListItem\",\"position\":1,\"name\":\"Hem\",\"item\":\"https:\\\/\\\/curabmm.se\\\/\"},{\"@type\":\"ListItem\",\"position\":2,\"name\":\"Privat ultraljud Malm\u00f6\"}]},{\"@type\":\"WebSite\",\"@id\":\"https:\\\/\\\/curabmm.se\\\/#website\",\"url\":\"https:\\\/\\\/curabmm.se\\\/\",\"name\":\"CURA Barnmorskemottagning\",\"description\":\"\",\"potentialAction\":[{\"@type\":\"SearchAction\",\"target\":{\"@type\":\"EntryPoint\",\"urlTemplate\":\"https:\\\/\\\/curabmm.se\\\/?s={search_term_string}\"},\"query-input\":{\"@type\":\"PropertyValueSpecification\",\"valueRequired\":true,\"valueName\":\"search_term_string\"}}],\"inLanguage\":\"sv-SE\"}]}<\/script>\n<!-- \/ Yoast SEO plugin. -->","yoast_head_json":{"title":"Privat ultraljud Malm\u00f6 - CURA Barnmorskemottagning","robots":{"index":"index","follow":"follow","max-snippet":"max-snippet:-1","max-image-preview":"max-image-preview:large","max-video-preview":"max-video-preview:-1"},"canonical":"https:\/\/curabmm.se\/?page_id=1151","og_locale":"sv_SE","og_type":"article","og_title":"Privat ultraljud Malm\u00f6 - CURA Barnmorskemottagning","og_description":"Varmt v\u00e4lkommen till oss p\u00e5 Cura M\u00f6drav\u00e5rd. Vi \u00e4r en barnmorskemottagning och m\u00f6drav\u00e5rdscentral som erbjuder ett personligt och professionellt omh\u00e4ndertagande av gravida kvinnor. Till oss kan du komma i en m\u00e4ngd olika skeenden av graviditeten, d\u00e4ribland om du \u00f6nskar att g\u00f6ra ett privat ultraljud i Malm\u00f6! Privat ultraljud hos Cura M\u00f6drav\u00e5rd Det finns m\u00e5nga anledningar [&hellip;]","og_url":"https:\/\/curabmm.se\/?page_id=1151","og_site_name":"CURA Barnmorskemottagning","twitter_card":"summary_large_image","twitter_misc":{"Ber\u00e4knad l\u00e4stid":"3 minuter"},"schema":{"@context":"https:\/\/schema.org","@graph":[{"@type":"WebPage","@id":"https:\/\/curabmm.se\/?page_id=1151","url":"https:\/\/curabmm.se\/?page_id=1151","name":"Privat ultraljud Malm\u00f6 - CURA Barnmorskemottagning","isPartOf":{"@id":"https:\/\/curabmm.se\/#website"},"datePublished":"2019-08-20T14:29:44+00:00","breadcrumb":{"@id":"https:\/\/curabmm.se\/?page_id=1151#breadcrumb"},"inLanguage":"sv-SE","potentialAction":[{"@type":"ReadAction","target":["https:\/\/curabmm.se\/?page_id=1151"]}]},{"@type":"BreadcrumbList","@id":"https:\/\/curabmm.se\/?page_id=1151#breadcrumb","itemListElement":[{"@type":"ListItem","position":1,"name":"Hem","item":"https:\/\/curabmm.se\/"},{"@type":"ListItem","position":2,"name":"Privat ultraljud Malm\u00f6"}]},{"@type":"WebSite","@id":"https:\/\/curabmm.se\/#website","url":"https:\/\/curabmm.se\/","name":"CURA Barnmorskemottagning","description":"","potentialAction":[{"@type":"SearchAction","target":{"@type":"EntryPoint","urlTemplate":"https:\/\/curabmm.se\/?s={search_term_string}"},"query-input":{"@type":"PropertyValueSpecification","valueRequired":true,"valueName":"search_term_string"}}],"inLanguage":"sv-SE"}]}},"_links":{"self":[{"href":"https:\/\/curabmm.se\/index.php?rest_route=\/wp\/v2\/pages\/1151","targetHints":{"allow":["GET"]}}],"collection":[{"href":"https:\/\/curabmm.se\/index.php?rest_route=\/wp\/v2\/pages"}],"about":[{"href":"https:\/\/curabmm.se\/index.php?rest_route=\/wp\/v2\/types\/page"}],"author":[{"embeddable":true,"href":"https:\/\/curabmm.se\/index.php?rest_route=\/wp\/v2\/users\/1"}],"replies":[{"embeddable":true,"href":"https:\/\/curabmm.se\/index.php?rest_route=%2Fwp%2Fv2%2Fcomments&post=1151"}],"version-history":[{"count":0,"href":"https:\/\/curabmm.se\/index.php?rest_route=\/wp\/v2\/pages\/1151\/revisions"}],"wp:attachment":[{"href":"https:\/\/curabmm.se\/index.php?rest_route=%2Fwp%2Fv2%2Fmedia&parent=1151"}],"curies":[{"name":"wp","href":"https:\/\/api.w.org\/{rel}","templated":true}]}}