{"id":1147,"date":"2019-08-20T14:28:25","date_gmt":"2019-08-20T14:28:25","guid":{"rendered":"https:\/\/www.curamodravard.se\/?page_id=1147"},"modified":"2019-08-20T14:28:25","modified_gmt":"2019-08-20T14:28:25","slug":"privat-modravard-skane","status":"publish","type":"page","link":"https:\/\/curabmm.se\/?page_id=1147","title":{"rendered":"Privat m\u00f6drav\u00e5rd Sk\u00e5ne"},"content":{"rendered":"<p>M\u00e5nga gravida kvinnor v\u00e4ljer att anv\u00e4nda sig av privat m\u00f6drav\u00e5rd. Vanligtvis f\u00f6r att man inte upplever att den offentliga basm\u00f6drav\u00e5rden inte klarar av att m\u00f6ta alla de behov man har. Om du \u00f6nskar privat m\u00f6drav\u00e5rd i Sk\u00e5ne \u00e4r du varmt v\u00e4lkommen att v\u00e4nda dig till oss p\u00e5 Cura M\u00f6drav\u00e5rd!<\/p>\n<h2><strong>Cura M\u00f6drav\u00e5rd \u2013 privat m\u00f6drav\u00e5rd i Malm\u00f6<\/strong><\/h2>\n<p>Cura M\u00f6drav\u00e5rd har genom \u00e5ren utvecklats till ett mycket starkt varum\u00e4rke inom privat m\u00f6drav\u00e5rd i Sk\u00e5ne. Vi \u00e4r idag ett privat l\u00e4karhus som bland annat inhyser barnmorskemottagning, ultraljudsklinik och barnav\u00e5rdscentral.<\/p>\n<p>Genom v\u00e5rt v\u00e5rdavtal med Region Sk\u00e5ne erbjuder vi basm\u00f6drav\u00e5rd utifr\u00e5n deras riktlinjer. Ut\u00f6ver detta tillhandah\u00e5ller vi \u00e4ven andra v\u00e5rdprogram utformade efter just dig och dina behov. Som exempel har du hos oss m\u00f6jligheten att komplettera basm\u00f6drav\u00e5rden med:<\/p>\n<ul>\n<li>Tidigt ultraljud f\u00f6r viabilitet<\/li>\n<li>Cervixm\u00e4tning<\/li>\n<li>Blodfl\u00f6desunders\u00f6kning<\/li>\n<\/ul>\n<h3><strong>Tidigt ultraljud f\u00f6r viabilitet<\/strong><\/h3>\n<p>Vanligtvis sker ett kombinerat ultraljud och blodprov f\u00f6rst i graviditetsvecka 11\u201313. M\u00e5nga kvinnor har d\u00e4remot en \u00f6nskan om att genomf\u00f6ra en ultraljudsunders\u00f6kning tidigare \u00e4n s\u00e5. N\u00e5got som \u00e4r m\u00f6jligt med hj\u00e4lp av ett tidigt ultraljud, vilket kan genomf\u00f6ras redan i vecka 7\u20138 och syftar till att kontrollera att graviditeten \u00e4r normal.<\/p>\n<h3><strong>Cervixm\u00e4tning<\/strong><\/h3>\n<p>Vid en Cervixm\u00e4tning kontrollerar man l\u00e4ngden p\u00e5 livmoderhalsen. N\u00e5got som g\u00f6rs med hj\u00e4lp av ett vaginalt ultraljud. Syftet med unders\u00f6kningen \u00e4r att bed\u00f6ma risken f\u00f6r f\u00f6rtidsb\u00f6rd. Ju kortare livmoderhals, desto st\u00f6rre \u00e4r risken f\u00f6r f\u00f6rtidsb\u00f6rd.<\/p>\n<p>Uppdagas det att livmoderhalsen \u00e4r kort finns det tv\u00e5 olika typer av behandlingar f\u00f6r att f\u00f6rhindra f\u00f6rtidsb\u00f6rd. Ett alternativ \u00e4r operation med anl\u00e4ggande av cerklage och det andra \u00e4r en behandling med gulkroppshormon. Flertalet vetenskapliga studier visar att det sistn\u00e4mnda alternativet minskar risken f\u00f6r f\u00f6rtidsb\u00f6rd med n\u00e4stan 40%.<\/p>\n<h3><strong>Blodfl\u00f6desunders\u00f6kning<\/strong><strong>\u00a0<\/strong><\/h3>\n<p>Finns det under graviditetens g\u00e5ng misstankar om att fostret v\u00e4xer l\u00e5ngsamt, genomf\u00f6rs en blodfl\u00f6desunders\u00f6kning. Vid en s\u00e5dan unders\u00f6kning m\u00e4ter man fl\u00f6desmotst\u00e5ndet i de blodk\u00e4rl som leder till moderkakan. Ett \u00f6kat fl\u00f6desmotst\u00e5nd kan tyda p\u00e5 s\u00e4mre funktion i moderkakan och kr\u00e4ver d\u00e5 frekventa unders\u00f6kningar.<\/p>\n<h2><strong>Boka tid p\u00e5 v\u00e5r m\u00f6drav\u00e5rdscentral<\/strong><\/h2>\n<p>P\u00e5 Cura M\u00f6drav\u00e5rd har vi ett enda m\u00e5l i sikte \u2013 att g\u00f6ra din graviditet till en fin och trygg upplevelse. Hos oss f\u00e5r du d\u00e4rf\u00f6r samma barnmorska vid varje bes\u00f6k. En erfaren barnmorska som l\u00e4gger stor vikt vid att lyssna p\u00e5 din ber\u00e4ttelse och dina \u00f6nskem\u00e5l.<\/p>\n<p>V\u00e5r l\u00e4karexpertis \u00e4r uppdaterad och kan erbjuda dig en s\u00e4ker graviditets\u00f6vervakning som str\u00e4cker sig bortom den offentliga sjukv\u00e5rden. L\u00e4s mer om v\u00e5ra unders\u00f6kningar under fliken <strong><a href=\"https:\/\/curabmm.se\/sv\/gravid\/\">Gravid<\/a><\/strong> eller <strong><a href=\"https:\/\/curabmm.se\/sv\/kontakt\/\">Kontakta oss<\/a><\/strong> redan idag f\u00f6r att boka en tid p\u00e5 v\u00e5r privata m\u00f6drav\u00e5rdscentral i Malm\u00f6.<\/p>\n","protected":false},"excerpt":{"rendered":"<p>M\u00e5nga gravida kvinnor v\u00e4ljer att anv\u00e4nda sig av privat m\u00f6drav\u00e5rd. Vanligtvis f\u00f6r att man inte upplever att den offentliga basm\u00f6drav\u00e5rden inte klarar av att m\u00f6ta alla de behov man har. Om du \u00f6nskar privat m\u00f6drav\u00e5rd i Sk\u00e5ne \u00e4r du varmt v\u00e4lkommen att v\u00e4nda dig till oss p\u00e5 Cura M\u00f6drav\u00e5rd! Cura M\u00f6drav\u00e5rd \u2013 privat m\u00f6drav\u00e5rd i [&hellip;]<\/p>\n","protected":false},"author":1,"featured_media":0,"parent":0,"menu_order":0,"comment_status":"closed","ping_status":"closed","template":"","meta":{"footnotes":""},"class_list":["post-1147","page","type-page","status-publish","hentry"],"yoast_head":"<!-- This site is optimized with the Yoast SEO plugin v28.4 - https:\/\/yoast.com\/product\/yoast-seo-wordpress\/ -->\n<title>Privat m\u00f6drav\u00e5rd Sk\u00e5ne - CURA Barnmorskemottagning<\/title>\n<meta name=\"robots\" content=\"index, follow, max-snippet:-1, max-image-preview:large, max-video-preview:-1\" \/>\n<link rel=\"canonical\" href=\"https:\/\/curabmm.se\/?page_id=1147\" \/>\n<meta property=\"og:locale\" content=\"sv_SE\" \/>\n<meta property=\"og:type\" content=\"article\" \/>\n<meta property=\"og:title\" content=\"Privat m\u00f6drav\u00e5rd Sk\u00e5ne - CURA Barnmorskemottagning\" \/>\n<meta property=\"og:description\" content=\"M\u00e5nga gravida kvinnor v\u00e4ljer att anv\u00e4nda sig av privat m\u00f6drav\u00e5rd. Vanligtvis f\u00f6r att man inte upplever att den offentliga basm\u00f6drav\u00e5rden inte klarar av att m\u00f6ta alla de behov man har. Om du \u00f6nskar privat m\u00f6drav\u00e5rd i Sk\u00e5ne \u00e4r du varmt v\u00e4lkommen att v\u00e4nda dig till oss p\u00e5 Cura M\u00f6drav\u00e5rd! Cura M\u00f6drav\u00e5rd \u2013 privat m\u00f6drav\u00e5rd i [&hellip;]\" \/>\n<meta property=\"og:url\" content=\"https:\/\/curabmm.se\/?page_id=1147\" \/>\n<meta property=\"og:site_name\" content=\"CURA Barnmorskemottagning\" \/>\n<meta name=\"twitter:card\" content=\"summary_large_image\" \/>\n<meta name=\"twitter:label1\" content=\"Ber\u00e4knad l\u00e4stid\" \/>\n\t<meta name=\"twitter:data1\" content=\"3 minuter\" \/>\n<script type=\"application\/ld+json\" class=\"yoast-schema-graph\">{\"@context\":\"https:\\\/\\\/schema.org\",\"@graph\":[{\"@type\":\"WebPage\",\"@id\":\"https:\\\/\\\/curabmm.se\\\/?page_id=1147\",\"url\":\"https:\\\/\\\/curabmm.se\\\/?page_id=1147\",\"name\":\"Privat m\u00f6drav\u00e5rd Sk\u00e5ne - CURA Barnmorskemottagning\",\"isPartOf\":{\"@id\":\"https:\\\/\\\/curabmm.se\\\/#website\"},\"datePublished\":\"2019-08-20T14:28:25+00:00\",\"breadcrumb\":{\"@id\":\"https:\\\/\\\/curabmm.se\\\/?page_id=1147#breadcrumb\"},\"inLanguage\":\"sv-SE\",\"potentialAction\":[{\"@type\":\"ReadAction\",\"target\":[\"https:\\\/\\\/curabmm.se\\\/?page_id=1147\"]}]},{\"@type\":\"BreadcrumbList\",\"@id\":\"https:\\\/\\\/curabmm.se\\\/?page_id=1147#breadcrumb\",\"itemListElement\":[{\"@type\":\"ListItem\",\"position\":1,\"name\":\"Hem\",\"item\":\"https:\\\/\\\/curabmm.se\\\/\"},{\"@type\":\"ListItem\",\"position\":2,\"name\":\"Privat m\u00f6drav\u00e5rd Sk\u00e5ne\"}]},{\"@type\":\"WebSite\",\"@id\":\"https:\\\/\\\/curabmm.se\\\/#website\",\"url\":\"https:\\\/\\\/curabmm.se\\\/\",\"name\":\"CURA Barnmorskemottagning\",\"description\":\"\",\"potentialAction\":[{\"@type\":\"SearchAction\",\"target\":{\"@type\":\"EntryPoint\",\"urlTemplate\":\"https:\\\/\\\/curabmm.se\\\/?s={search_term_string}\"},\"query-input\":{\"@type\":\"PropertyValueSpecification\",\"valueRequired\":true,\"valueName\":\"search_term_string\"}}],\"inLanguage\":\"sv-SE\"}]}<\/script>\n<!-- \/ Yoast SEO plugin. -->","yoast_head_json":{"title":"Privat m\u00f6drav\u00e5rd Sk\u00e5ne - CURA Barnmorskemottagning","robots":{"index":"index","follow":"follow","max-snippet":"max-snippet:-1","max-image-preview":"max-image-preview:large","max-video-preview":"max-video-preview:-1"},"canonical":"https:\/\/curabmm.se\/?page_id=1147","og_locale":"sv_SE","og_type":"article","og_title":"Privat m\u00f6drav\u00e5rd Sk\u00e5ne - CURA Barnmorskemottagning","og_description":"M\u00e5nga gravida kvinnor v\u00e4ljer att anv\u00e4nda sig av privat m\u00f6drav\u00e5rd. Vanligtvis f\u00f6r att man inte upplever att den offentliga basm\u00f6drav\u00e5rden inte klarar av att m\u00f6ta alla de behov man har. Om du \u00f6nskar privat m\u00f6drav\u00e5rd i Sk\u00e5ne \u00e4r du varmt v\u00e4lkommen att v\u00e4nda dig till oss p\u00e5 Cura M\u00f6drav\u00e5rd! Cura M\u00f6drav\u00e5rd \u2013 privat m\u00f6drav\u00e5rd i [&hellip;]","og_url":"https:\/\/curabmm.se\/?page_id=1147","og_site_name":"CURA Barnmorskemottagning","twitter_card":"summary_large_image","twitter_misc":{"Ber\u00e4knad l\u00e4stid":"3 minuter"},"schema":{"@context":"https:\/\/schema.org","@graph":[{"@type":"WebPage","@id":"https:\/\/curabmm.se\/?page_id=1147","url":"https:\/\/curabmm.se\/?page_id=1147","name":"Privat m\u00f6drav\u00e5rd Sk\u00e5ne - CURA Barnmorskemottagning","isPartOf":{"@id":"https:\/\/curabmm.se\/#website"},"datePublished":"2019-08-20T14:28:25+00:00","breadcrumb":{"@id":"https:\/\/curabmm.se\/?page_id=1147#breadcrumb"},"inLanguage":"sv-SE","potentialAction":[{"@type":"ReadAction","target":["https:\/\/curabmm.se\/?page_id=1147"]}]},{"@type":"BreadcrumbList","@id":"https:\/\/curabmm.se\/?page_id=1147#breadcrumb","itemListElement":[{"@type":"ListItem","position":1,"name":"Hem","item":"https:\/\/curabmm.se\/"},{"@type":"ListItem","position":2,"name":"Privat m\u00f6drav\u00e5rd Sk\u00e5ne"}]},{"@type":"WebSite","@id":"https:\/\/curabmm.se\/#website","url":"https:\/\/curabmm.se\/","name":"CURA Barnmorskemottagning","description":"","potentialAction":[{"@type":"SearchAction","target":{"@type":"EntryPoint","urlTemplate":"https:\/\/curabmm.se\/?s={search_term_string}"},"query-input":{"@type":"PropertyValueSpecification","valueRequired":true,"valueName":"search_term_string"}}],"inLanguage":"sv-SE"}]}},"_links":{"self":[{"href":"https:\/\/curabmm.se\/index.php?rest_route=\/wp\/v2\/pages\/1147","targetHints":{"allow":["GET"]}}],"collection":[{"href":"https:\/\/curabmm.se\/index.php?rest_route=\/wp\/v2\/pages"}],"about":[{"href":"https:\/\/curabmm.se\/index.php?rest_route=\/wp\/v2\/types\/page"}],"author":[{"embeddable":true,"href":"https:\/\/curabmm.se\/index.php?rest_route=\/wp\/v2\/users\/1"}],"replies":[{"embeddable":true,"href":"https:\/\/curabmm.se\/index.php?rest_route=%2Fwp%2Fv2%2Fcomments&post=1147"}],"version-history":[{"count":0,"href":"https:\/\/curabmm.se\/index.php?rest_route=\/wp\/v2\/pages\/1147\/revisions"}],"wp:attachment":[{"href":"https:\/\/curabmm.se\/index.php?rest_route=%2Fwp%2Fv2%2Fmedia&parent=1147"}],"curies":[{"name":"wp","href":"https:\/\/api.w.org\/{rel}","templated":true}]}}