{"id":1145,"date":"2019-08-20T14:26:47","date_gmt":"2019-08-20T14:26:47","guid":{"rendered":"https:\/\/www.curamodravard.se\/?page_id=1145"},"modified":"2019-08-20T14:26:47","modified_gmt":"2019-08-20T14:26:47","slug":"modravardscentral-malmo","status":"publish","type":"page","link":"https:\/\/curabmm.se\/?page_id=1145","title":{"rendered":"M\u00f6drav\u00e5rdscentral Malm\u00f6"},"content":{"rendered":"<p>Varmt v\u00e4lkommen till Cura M\u00f6drav\u00e5rd \u2013 din lokala m\u00f6drav\u00e5rdscentral i Malm\u00f6. Du hittar oss i n\u00e4rheten av s\u00e5v\u00e4l Malm\u00f6 City som Limhamn, dit du tar dig med b\u00e5de buss och bil (vi erbjuder gratis parkering). Vi erbjuder dig ett personligt och professionellt omh\u00e4ndertagande som underl\u00e4ttar graviditeten!<\/p>\n<h2><strong>Cura M\u00f6drav\u00e5rd \u2013 din m\u00f6drav\u00e5rdscentral i Malm\u00f6<\/strong><\/h2>\n<p>Cura M\u00f6drav\u00e5rd \u00e4r en barnmorskemottagning och m\u00f6drav\u00e5rdscentral som erh\u00e5ller v\u00e5rdavtal med Region Sk\u00e5ne. N\u00e5got som inneb\u00e4r att vi erbjuder basm\u00f6drav\u00e5rd utformat utifr\u00e5n deras riktlinjer. V\u00e5ra ambitioner str\u00e4cker sig d\u00e4remot l\u00e4ngre \u00e4n s\u00e5 och d\u00e4rf\u00f6r erbjuder vi ocks\u00e5 v\u00e5rdprogram som \u00e4r utformade efter just dig och dina behov.<\/p>\n<p>Vi l\u00e4gger d\u00e4rf\u00f6r stor vikt i det personliga m\u00f6tet \u2013 att lyssna p\u00e5 din ber\u00e4ttelse och dina \u00f6nskem\u00e5l. Med anledning av detta f\u00e5r du ocks\u00e5 tr\u00e4ffa en och samma barnmorska under dina bes\u00f6k p\u00e5 v\u00e5r m\u00f6drav\u00e5rdscentral i Malm\u00f6. Vi lyssnar p\u00e5 din gl\u00e4dje och f\u00f6rv\u00e4ntan men ocks\u00e5 din oro och r\u00e4dsla, vilken vi tar p\u00e5 st\u00f6rsta allvar.<\/p>\n<p>V\u00e5r l\u00e4karexpertis \u00e4r uppdaterad och kan erbjuda dig en s\u00e4ker graviditets\u00f6vervakning som str\u00e4cker sig bortom den offentliga sjukv\u00e5rden. Ut\u00f6ver den basm\u00f6drav\u00e5rd som utformats utifr\u00e5n Region Sk\u00e5nes riktlinjer, erbjuder vi dig \u00e4ven kompletterande v\u00e5rd som:<\/p>\n<ul>\n<li>Tidigt ultraljud<\/li>\n<li>Cervixm\u00e4tning<\/li>\n<li>Blodfl\u00f6desunders\u00f6kning<\/li>\n<\/ul>\n<h3><strong>Tidigt ultraljud<\/strong><strong>\u00a0<\/strong><\/h3>\n<p>Ett tidigt ultraljud kan genomf\u00f6ras redan i graviditetsvecka 7\u20138 och syftar till att s\u00e4kerst\u00e4lla att graviditeten \u00e4r normal. Att uppt\u00e4cka att man \u00e4r gravid \u00e4r oftast \u00f6verv\u00e4ldigande. M\u00e5nga kvinnor vill d\u00e4rf\u00f6r tidigt f\u00f6rs\u00e4kra sig om att allt ser ut som det ska. Vid ett tidigt ultraljud kan man se:<\/p>\n<ul>\n<li>Hinns\u00e4ck med graviditet i livmodern<\/li>\n<li>Antal foster<\/li>\n<li>Fostrets hj\u00e4rtaktivitet (efter cirka 6,5 veckor)<\/li>\n<li>Hur stort fostret \u00e4r, m\u00e4tt fr\u00e5n hj\u00e4ssa till rumpa (Crown-Rump-Length, CRL)<\/li>\n<li>Om fosterstorleken st\u00e4mmer med graviditetsl\u00e4ngden ber\u00e4knad enligt sista mens<\/li>\n<li>Gules\u00e4cken (fungerar som en tidig moderkaka)<\/li>\n<li>Uteblivet missfall (inget foster, ingen hj\u00e4rtaktivitet) \u2013 ny unders\u00f6kning kan beh\u00f6vas<\/li>\n<\/ul>\n<h3><strong>Cervixm\u00e4tning<\/strong><\/h3>\n<p>Vid en Cervixm\u00e4tning kontrollerar man livmoderhalsens l\u00e4ngd f\u00f6r att bed\u00f6ma risken f\u00f6r f\u00f6rtidsb\u00f6rd. Unders\u00f6kningen genomf\u00f6rs via ett vaginalt ultraljud och kan g\u00f6ras i graviditetsvecka 18\u201324.<\/p>\n<h3><strong>Blodfl\u00f6desunders\u00f6kning<\/strong><\/h3>\n<p>Misst\u00e4nker man att fostret v\u00e4xer l\u00e5ngsamt, genomf\u00f6rs en s\u00e5 kallad blodfl\u00f6desunders\u00f6kning. Unders\u00f6kningen g\u00e5r till p\u00e5 s\u00e5 s\u00e4tt att man m\u00e4ter hastigheten p\u00e5 blodstr\u00f6mmen i de art\u00e4rer som leder till moderkakan.<\/p>\n<p>L\u00e4s mer om v\u00e5ra unders\u00f6kningar under fliken <strong><a href=\"https:\/\/curabmm.se\/sv\/gravid\/\">Gravid<\/a><\/strong> eller <strong><a href=\"https:\/\/curabmm.se\/sv\/kontakt\/\">Kontakta oss<\/a><\/strong> redan idag f\u00f6r att boka en tid hos en personlig och professionell m\u00f6drav\u00e5rdscentral i Malm\u00f6.<\/p>\n","protected":false},"excerpt":{"rendered":"<p>Varmt v\u00e4lkommen till Cura M\u00f6drav\u00e5rd \u2013 din lokala m\u00f6drav\u00e5rdscentral i Malm\u00f6. Du hittar oss i n\u00e4rheten av s\u00e5v\u00e4l Malm\u00f6 City som Limhamn, dit du tar dig med b\u00e5de buss och bil (vi erbjuder gratis parkering). Vi erbjuder dig ett personligt och professionellt omh\u00e4ndertagande som underl\u00e4ttar graviditeten! Cura M\u00f6drav\u00e5rd \u2013 din m\u00f6drav\u00e5rdscentral i Malm\u00f6 Cura M\u00f6drav\u00e5rd [&hellip;]<\/p>\n","protected":false},"author":1,"featured_media":0,"parent":0,"menu_order":0,"comment_status":"closed","ping_status":"closed","template":"","meta":{"footnotes":""},"class_list":["post-1145","page","type-page","status-publish","hentry"],"yoast_head":"<!-- This site is optimized with the Yoast SEO plugin v28.4 - https:\/\/yoast.com\/product\/yoast-seo-wordpress\/ -->\n<title>M\u00f6drav\u00e5rdscentral Malm\u00f6 - CURA Barnmorskemottagning<\/title>\n<meta name=\"robots\" content=\"index, follow, max-snippet:-1, max-image-preview:large, max-video-preview:-1\" \/>\n<link rel=\"canonical\" href=\"https:\/\/curabmm.se\/?page_id=1145\" \/>\n<meta property=\"og:locale\" content=\"sv_SE\" \/>\n<meta property=\"og:type\" content=\"article\" \/>\n<meta property=\"og:title\" content=\"M\u00f6drav\u00e5rdscentral Malm\u00f6 - CURA Barnmorskemottagning\" \/>\n<meta property=\"og:description\" content=\"Varmt v\u00e4lkommen till Cura M\u00f6drav\u00e5rd \u2013 din lokala m\u00f6drav\u00e5rdscentral i Malm\u00f6. Du hittar oss i n\u00e4rheten av s\u00e5v\u00e4l Malm\u00f6 City som Limhamn, dit du tar dig med b\u00e5de buss och bil (vi erbjuder gratis parkering). Vi erbjuder dig ett personligt och professionellt omh\u00e4ndertagande som underl\u00e4ttar graviditeten! Cura M\u00f6drav\u00e5rd \u2013 din m\u00f6drav\u00e5rdscentral i Malm\u00f6 Cura M\u00f6drav\u00e5rd [&hellip;]\" \/>\n<meta property=\"og:url\" content=\"https:\/\/curabmm.se\/?page_id=1145\" \/>\n<meta property=\"og:site_name\" content=\"CURA Barnmorskemottagning\" \/>\n<meta name=\"twitter:card\" content=\"summary_large_image\" \/>\n<meta name=\"twitter:label1\" content=\"Ber\u00e4knad l\u00e4stid\" \/>\n\t<meta name=\"twitter:data1\" content=\"2 minuter\" \/>\n<script type=\"application\/ld+json\" class=\"yoast-schema-graph\">{\"@context\":\"https:\\\/\\\/schema.org\",\"@graph\":[{\"@type\":\"WebPage\",\"@id\":\"https:\\\/\\\/curabmm.se\\\/?page_id=1145\",\"url\":\"https:\\\/\\\/curabmm.se\\\/?page_id=1145\",\"name\":\"M\u00f6drav\u00e5rdscentral Malm\u00f6 - CURA Barnmorskemottagning\",\"isPartOf\":{\"@id\":\"https:\\\/\\\/curabmm.se\\\/#website\"},\"datePublished\":\"2019-08-20T14:26:47+00:00\",\"breadcrumb\":{\"@id\":\"https:\\\/\\\/curabmm.se\\\/?page_id=1145#breadcrumb\"},\"inLanguage\":\"sv-SE\",\"potentialAction\":[{\"@type\":\"ReadAction\",\"target\":[\"https:\\\/\\\/curabmm.se\\\/?page_id=1145\"]}]},{\"@type\":\"BreadcrumbList\",\"@id\":\"https:\\\/\\\/curabmm.se\\\/?page_id=1145#breadcrumb\",\"itemListElement\":[{\"@type\":\"ListItem\",\"position\":1,\"name\":\"Hem\",\"item\":\"https:\\\/\\\/curabmm.se\\\/\"},{\"@type\":\"ListItem\",\"position\":2,\"name\":\"M\u00f6drav\u00e5rdscentral Malm\u00f6\"}]},{\"@type\":\"WebSite\",\"@id\":\"https:\\\/\\\/curabmm.se\\\/#website\",\"url\":\"https:\\\/\\\/curabmm.se\\\/\",\"name\":\"CURA Barnmorskemottagning\",\"description\":\"\",\"potentialAction\":[{\"@type\":\"SearchAction\",\"target\":{\"@type\":\"EntryPoint\",\"urlTemplate\":\"https:\\\/\\\/curabmm.se\\\/?s={search_term_string}\"},\"query-input\":{\"@type\":\"PropertyValueSpecification\",\"valueRequired\":true,\"valueName\":\"search_term_string\"}}],\"inLanguage\":\"sv-SE\"}]}<\/script>\n<!-- \/ Yoast SEO plugin. -->","yoast_head_json":{"title":"M\u00f6drav\u00e5rdscentral Malm\u00f6 - CURA Barnmorskemottagning","robots":{"index":"index","follow":"follow","max-snippet":"max-snippet:-1","max-image-preview":"max-image-preview:large","max-video-preview":"max-video-preview:-1"},"canonical":"https:\/\/curabmm.se\/?page_id=1145","og_locale":"sv_SE","og_type":"article","og_title":"M\u00f6drav\u00e5rdscentral Malm\u00f6 - CURA Barnmorskemottagning","og_description":"Varmt v\u00e4lkommen till Cura M\u00f6drav\u00e5rd \u2013 din lokala m\u00f6drav\u00e5rdscentral i Malm\u00f6. Du hittar oss i n\u00e4rheten av s\u00e5v\u00e4l Malm\u00f6 City som Limhamn, dit du tar dig med b\u00e5de buss och bil (vi erbjuder gratis parkering). Vi erbjuder dig ett personligt och professionellt omh\u00e4ndertagande som underl\u00e4ttar graviditeten! Cura M\u00f6drav\u00e5rd \u2013 din m\u00f6drav\u00e5rdscentral i Malm\u00f6 Cura M\u00f6drav\u00e5rd [&hellip;]","og_url":"https:\/\/curabmm.se\/?page_id=1145","og_site_name":"CURA Barnmorskemottagning","twitter_card":"summary_large_image","twitter_misc":{"Ber\u00e4knad l\u00e4stid":"2 minuter"},"schema":{"@context":"https:\/\/schema.org","@graph":[{"@type":"WebPage","@id":"https:\/\/curabmm.se\/?page_id=1145","url":"https:\/\/curabmm.se\/?page_id=1145","name":"M\u00f6drav\u00e5rdscentral Malm\u00f6 - CURA Barnmorskemottagning","isPartOf":{"@id":"https:\/\/curabmm.se\/#website"},"datePublished":"2019-08-20T14:26:47+00:00","breadcrumb":{"@id":"https:\/\/curabmm.se\/?page_id=1145#breadcrumb"},"inLanguage":"sv-SE","potentialAction":[{"@type":"ReadAction","target":["https:\/\/curabmm.se\/?page_id=1145"]}]},{"@type":"BreadcrumbList","@id":"https:\/\/curabmm.se\/?page_id=1145#breadcrumb","itemListElement":[{"@type":"ListItem","position":1,"name":"Hem","item":"https:\/\/curabmm.se\/"},{"@type":"ListItem","position":2,"name":"M\u00f6drav\u00e5rdscentral Malm\u00f6"}]},{"@type":"WebSite","@id":"https:\/\/curabmm.se\/#website","url":"https:\/\/curabmm.se\/","name":"CURA Barnmorskemottagning","description":"","potentialAction":[{"@type":"SearchAction","target":{"@type":"EntryPoint","urlTemplate":"https:\/\/curabmm.se\/?s={search_term_string}"},"query-input":{"@type":"PropertyValueSpecification","valueRequired":true,"valueName":"search_term_string"}}],"inLanguage":"sv-SE"}]}},"_links":{"self":[{"href":"https:\/\/curabmm.se\/index.php?rest_route=\/wp\/v2\/pages\/1145","targetHints":{"allow":["GET"]}}],"collection":[{"href":"https:\/\/curabmm.se\/index.php?rest_route=\/wp\/v2\/pages"}],"about":[{"href":"https:\/\/curabmm.se\/index.php?rest_route=\/wp\/v2\/types\/page"}],"author":[{"embeddable":true,"href":"https:\/\/curabmm.se\/index.php?rest_route=\/wp\/v2\/users\/1"}],"replies":[{"embeddable":true,"href":"https:\/\/curabmm.se\/index.php?rest_route=%2Fwp%2Fv2%2Fcomments&post=1145"}],"version-history":[{"count":0,"href":"https:\/\/curabmm.se\/index.php?rest_route=\/wp\/v2\/pages\/1145\/revisions"}],"wp:attachment":[{"href":"https:\/\/curabmm.se\/index.php?rest_route=%2Fwp%2Fv2%2Fmedia&parent=1145"}],"curies":[{"name":"wp","href":"https:\/\/api.w.org\/{rel}","templated":true}]}}