{"id":1143,"date":"2019-08-20T14:25:39","date_gmt":"2019-08-20T14:25:39","guid":{"rendered":"https:\/\/www.curamodravard.se\/?page_id=1143"},"modified":"2019-08-20T14:25:39","modified_gmt":"2019-08-20T14:25:39","slug":"modravard-malmo","status":"publish","type":"page","link":"https:\/\/curabmm.se\/?page_id=1143","title":{"rendered":"M\u00f6drav\u00e5rd Malm\u00f6"},"content":{"rendered":"<p>Varmt v\u00e4lkommen till oss p\u00e5 Cura M\u00f6drav\u00e5rd \u2013 din lokala barnmorskemottagning och m\u00f6drav\u00e5rdscentral som erbjuder ett personligt och professionellt omh\u00e4ndertagande av gravida kvinnor i Malm\u00f6!<\/p>\n<h2><strong>M\u00f6drav\u00e5rd hos Cura M\u00f6drav\u00e5rd i Malm\u00f6<\/strong><strong>\u00a0<\/strong><\/h2>\n<p>Curakliniken startades f\u00f6r mer \u00e4n 30 \u00e5r sedan och har idag utvecklats till ett privat l\u00e4karhus som bland annat inhyser barnmorskemottagning, ultraljudsklinik och barnav\u00e5rdscentral. Via v\u00e5rt uppdrag f\u00f6r Region Sk\u00e5ne erbjuder vi dels basm\u00f6drav\u00e5rd, men ocks\u00e5 kompletterande v\u00e5rdprogram som \u00e4r anpassade efter dina behov.<\/p>\n<p>V\u00e5ra kompetenta barnmorskor och l\u00e4kare har ett gemensamt m\u00e5l \u2013 att g\u00f6ra din graviditet till en fin och trygg upplevelse. Vi \u00e4r d\u00e4rf\u00f6r v\u00e4ldigt m\u00e5na om att du vid varje bes\u00f6k ska f\u00e5 tr\u00e4ffa en och samma barnmorska. En barnmorska som verkligen lyssnar p\u00e5 din ber\u00e4ttelse och dina \u00f6nskem\u00e5l.<\/p>\n<p>\u00c4ven om graviditeten f\u00f6r de flesta genomsyras av gl\u00e4dje och f\u00f6rv\u00e4ntan, \u00e4r vi ocks\u00e5 medvetna om att det ibland uppst\u00e5r en k\u00e4nsla av oro och r\u00e4dsla. Vi lyssnar och tar d\u00e4rf\u00f6r din oro p\u00e5 st\u00f6rsta allvar, oavsett vilken aspekt av graviditeten som du \u00e4r orolig f\u00f6r.<\/p>\n<p>V\u00e5r l\u00e4karexpertis \u00e4r uppdaterad och kan erbjuda dig en s\u00e4ker graviditets\u00f6vervakning som str\u00e4cker sig bortom den offentliga sjukv\u00e5rden. Ut\u00f6ver de h\u00e4lsosamtal, KUB ultraljud, barnmorskebes\u00f6k, rutinultraljud och efterkontroll som vi bedriver p\u00e5 uppdrag av Region Sk\u00e5ne, erbjuder vi \u00e4ven:<\/p>\n<ul>\n<li>Tidigt ultraljud<\/li>\n<li>Cervixm\u00e4tning<\/li>\n<li>Blodfl\u00f6desunders\u00f6kning<\/li>\n<li>F\u00f6r\u00e4ldrautbildning<\/li>\n<li>Amnings- och postpartummottagning<\/li>\n<\/ul>\n<h3><strong>Tidigt ultraljud<\/strong><strong>\u00a0<\/strong><\/h3>\n<p>N\u00e4r man uppt\u00e4cker att man \u00e4r gravid \u00e4r det inte ovanligt att man \u00f6nskar genomf\u00f6ra ett tidigt ultraljud f\u00f6r att s\u00e4kerst\u00e4lla att graviditeten \u00e4r normal. Hos oss p\u00e5 Cura M\u00f6drav\u00e5rd kan du d\u00e4rf\u00f6r genomf\u00f6ra en ultraljudsunders\u00f6kning redan i graviditetsvecka 7\u20138.<\/p>\n<h3><strong>Cervixm\u00e4tning<\/strong><strong>\u00a0<\/strong><\/h3>\n<p>En Cervixm\u00e4tning \u00e4r m\u00f6jlig att genomf\u00f6ra i graviditetsvecka 18\u201324 och syftar till att bed\u00f6ma risken f\u00f6r f\u00f6rtidsb\u00f6rd. Unders\u00f6kningen sker via ett vaginalt ultraljud och g\u00e5r till p\u00e5 s\u00e5 s\u00e4tt att man m\u00e4ter livmoderhalsens l\u00e4ngd.<\/p>\n<h3><strong>Blodfl\u00f6desunders\u00f6kning<\/strong><\/h3>\n<p>Om man vid tillv\u00e4xtkontrollen (som sker efter graviditetsvecka 24) uppt\u00e4cker att fostret v\u00e4xer l\u00e5ngsamt, genomf\u00f6r vi en blodfl\u00f6desunders\u00f6kning. Unders\u00f6kningen g\u00e5r till p\u00e5 s\u00e5 s\u00e4tt att man m\u00e4ter hastigheten p\u00e5 blodstr\u00f6mmen i de art\u00e4rer som leder till moderkakan.<\/p>\n<h3><strong>F\u00f6r\u00e4ldrautbildning<\/strong><strong>\u00a0<\/strong><\/h3>\n<p>F\u00f6r att f\u00f6rbereda blivande f\u00f6r\u00e4ldrar inf\u00f6r f\u00f6rlossningen erbjuder vi F\u00f6r\u00e4ldrautbildningar i grupp. Under utbildningen g\u00e5r vi bland annat igenom hur man vet att f\u00f6rlossningen startat, vad man ska med sig till f\u00f6rlossningen, vilken partners roll \u00e4r, samt vad som \u00e4r viktigt att t\u00e4nka p\u00e5 under f\u00f6rsta tiden med babyn.<\/p>\n<h3><strong>Amnings- och postpartummottagning<\/strong><\/h3>\n<p>M\u00e5nga nyf\u00f6rl\u00f6sta kvinnor f\u00e5r akuta problem och vet inte vart de ska v\u00e4nda sig f\u00f6r att f\u00e5 hj\u00e4lp i och med att sjukhuset inte tar emot nyf\u00f6rl\u00f6sta kvinnor om det g\u00e5tt mer \u00e4n en vecka sedan f\u00f6rlossningen.<\/p>\n<p>Till v\u00e5r Amnings- och postpartummottagning kan du d\u00e4rf\u00f6r v\u00e4nda dig vid alla typer av akuta problem som uppst\u00e5r efter f\u00f6rlossningen. Vi str\u00e4var efter att ge dig hj\u00e4lp inom tre dagar, \u00e4ven om du tillh\u00f6r en annan barnmorskemottagning. Till oss \u00e4r alla v\u00e4lkomna!<\/p>\n<p>L\u00e4s mer om v\u00e5ra unders\u00f6kningar under fliken <strong><a href=\"https:\/\/curabmm.se\/sv\/gravid\/\">Gravid<\/a><\/strong> eller <strong><a href=\"https:\/\/curabmm.se\/sv\/kontakt\/\">Kontakta oss<\/a><\/strong> redan idag f\u00f6r att f\u00e5 en personlig och professionell m\u00f6drav\u00e5rd i Malm\u00f6.<\/p>\n","protected":false},"excerpt":{"rendered":"<p>Varmt v\u00e4lkommen till oss p\u00e5 Cura M\u00f6drav\u00e5rd \u2013 din lokala barnmorskemottagning och m\u00f6drav\u00e5rdscentral som erbjuder ett personligt och professionellt omh\u00e4ndertagande av gravida kvinnor i Malm\u00f6! M\u00f6drav\u00e5rd hos Cura M\u00f6drav\u00e5rd i Malm\u00f6\u00a0 Curakliniken startades f\u00f6r mer \u00e4n 30 \u00e5r sedan och har idag utvecklats till ett privat l\u00e4karhus som bland annat inhyser barnmorskemottagning, ultraljudsklinik och barnav\u00e5rdscentral. [&hellip;]<\/p>\n","protected":false},"author":1,"featured_media":0,"parent":0,"menu_order":0,"comment_status":"closed","ping_status":"closed","template":"","meta":{"footnotes":""},"class_list":["post-1143","page","type-page","status-publish","hentry"],"yoast_head":"<!-- This site is optimized with the Yoast SEO plugin v28.4 - https:\/\/yoast.com\/product\/yoast-seo-wordpress\/ -->\n<title>M\u00f6drav\u00e5rd Malm\u00f6 - CURA Barnmorskemottagning<\/title>\n<meta name=\"robots\" content=\"index, follow, max-snippet:-1, max-image-preview:large, max-video-preview:-1\" \/>\n<link rel=\"canonical\" href=\"https:\/\/curabmm.se\/?page_id=1143\" \/>\n<meta property=\"og:locale\" content=\"sv_SE\" \/>\n<meta property=\"og:type\" content=\"article\" \/>\n<meta property=\"og:title\" content=\"M\u00f6drav\u00e5rd Malm\u00f6 - CURA Barnmorskemottagning\" \/>\n<meta property=\"og:description\" content=\"Varmt v\u00e4lkommen till oss p\u00e5 Cura M\u00f6drav\u00e5rd \u2013 din lokala barnmorskemottagning och m\u00f6drav\u00e5rdscentral som erbjuder ett personligt och professionellt omh\u00e4ndertagande av gravida kvinnor i Malm\u00f6! M\u00f6drav\u00e5rd hos Cura M\u00f6drav\u00e5rd i Malm\u00f6\u00a0 Curakliniken startades f\u00f6r mer \u00e4n 30 \u00e5r sedan och har idag utvecklats till ett privat l\u00e4karhus som bland annat inhyser barnmorskemottagning, ultraljudsklinik och barnav\u00e5rdscentral. [&hellip;]\" \/>\n<meta property=\"og:url\" content=\"https:\/\/curabmm.se\/?page_id=1143\" \/>\n<meta property=\"og:site_name\" content=\"CURA Barnmorskemottagning\" \/>\n<meta name=\"twitter:card\" content=\"summary_large_image\" \/>\n<meta name=\"twitter:label1\" content=\"Ber\u00e4knad l\u00e4stid\" \/>\n\t<meta name=\"twitter:data1\" content=\"3 minuter\" \/>\n<script type=\"application\/ld+json\" class=\"yoast-schema-graph\">{\"@context\":\"https:\\\/\\\/schema.org\",\"@graph\":[{\"@type\":\"WebPage\",\"@id\":\"https:\\\/\\\/curabmm.se\\\/?page_id=1143\",\"url\":\"https:\\\/\\\/curabmm.se\\\/?page_id=1143\",\"name\":\"M\u00f6drav\u00e5rd Malm\u00f6 - CURA Barnmorskemottagning\",\"isPartOf\":{\"@id\":\"https:\\\/\\\/curabmm.se\\\/#website\"},\"datePublished\":\"2019-08-20T14:25:39+00:00\",\"breadcrumb\":{\"@id\":\"https:\\\/\\\/curabmm.se\\\/?page_id=1143#breadcrumb\"},\"inLanguage\":\"sv-SE\",\"potentialAction\":[{\"@type\":\"ReadAction\",\"target\":[\"https:\\\/\\\/curabmm.se\\\/?page_id=1143\"]}]},{\"@type\":\"BreadcrumbList\",\"@id\":\"https:\\\/\\\/curabmm.se\\\/?page_id=1143#breadcrumb\",\"itemListElement\":[{\"@type\":\"ListItem\",\"position\":1,\"name\":\"Hem\",\"item\":\"https:\\\/\\\/curabmm.se\\\/\"},{\"@type\":\"ListItem\",\"position\":2,\"name\":\"M\u00f6drav\u00e5rd Malm\u00f6\"}]},{\"@type\":\"WebSite\",\"@id\":\"https:\\\/\\\/curabmm.se\\\/#website\",\"url\":\"https:\\\/\\\/curabmm.se\\\/\",\"name\":\"CURA Barnmorskemottagning\",\"description\":\"\",\"potentialAction\":[{\"@type\":\"SearchAction\",\"target\":{\"@type\":\"EntryPoint\",\"urlTemplate\":\"https:\\\/\\\/curabmm.se\\\/?s={search_term_string}\"},\"query-input\":{\"@type\":\"PropertyValueSpecification\",\"valueRequired\":true,\"valueName\":\"search_term_string\"}}],\"inLanguage\":\"sv-SE\"}]}<\/script>\n<!-- \/ Yoast SEO plugin. -->","yoast_head_json":{"title":"M\u00f6drav\u00e5rd Malm\u00f6 - CURA Barnmorskemottagning","robots":{"index":"index","follow":"follow","max-snippet":"max-snippet:-1","max-image-preview":"max-image-preview:large","max-video-preview":"max-video-preview:-1"},"canonical":"https:\/\/curabmm.se\/?page_id=1143","og_locale":"sv_SE","og_type":"article","og_title":"M\u00f6drav\u00e5rd Malm\u00f6 - CURA Barnmorskemottagning","og_description":"Varmt v\u00e4lkommen till oss p\u00e5 Cura M\u00f6drav\u00e5rd \u2013 din lokala barnmorskemottagning och m\u00f6drav\u00e5rdscentral som erbjuder ett personligt och professionellt omh\u00e4ndertagande av gravida kvinnor i Malm\u00f6! M\u00f6drav\u00e5rd hos Cura M\u00f6drav\u00e5rd i Malm\u00f6\u00a0 Curakliniken startades f\u00f6r mer \u00e4n 30 \u00e5r sedan och har idag utvecklats till ett privat l\u00e4karhus som bland annat inhyser barnmorskemottagning, ultraljudsklinik och barnav\u00e5rdscentral. [&hellip;]","og_url":"https:\/\/curabmm.se\/?page_id=1143","og_site_name":"CURA Barnmorskemottagning","twitter_card":"summary_large_image","twitter_misc":{"Ber\u00e4knad l\u00e4stid":"3 minuter"},"schema":{"@context":"https:\/\/schema.org","@graph":[{"@type":"WebPage","@id":"https:\/\/curabmm.se\/?page_id=1143","url":"https:\/\/curabmm.se\/?page_id=1143","name":"M\u00f6drav\u00e5rd Malm\u00f6 - CURA Barnmorskemottagning","isPartOf":{"@id":"https:\/\/curabmm.se\/#website"},"datePublished":"2019-08-20T14:25:39+00:00","breadcrumb":{"@id":"https:\/\/curabmm.se\/?page_id=1143#breadcrumb"},"inLanguage":"sv-SE","potentialAction":[{"@type":"ReadAction","target":["https:\/\/curabmm.se\/?page_id=1143"]}]},{"@type":"BreadcrumbList","@id":"https:\/\/curabmm.se\/?page_id=1143#breadcrumb","itemListElement":[{"@type":"ListItem","position":1,"name":"Hem","item":"https:\/\/curabmm.se\/"},{"@type":"ListItem","position":2,"name":"M\u00f6drav\u00e5rd Malm\u00f6"}]},{"@type":"WebSite","@id":"https:\/\/curabmm.se\/#website","url":"https:\/\/curabmm.se\/","name":"CURA Barnmorskemottagning","description":"","potentialAction":[{"@type":"SearchAction","target":{"@type":"EntryPoint","urlTemplate":"https:\/\/curabmm.se\/?s={search_term_string}"},"query-input":{"@type":"PropertyValueSpecification","valueRequired":true,"valueName":"search_term_string"}}],"inLanguage":"sv-SE"}]}},"_links":{"self":[{"href":"https:\/\/curabmm.se\/index.php?rest_route=\/wp\/v2\/pages\/1143","targetHints":{"allow":["GET"]}}],"collection":[{"href":"https:\/\/curabmm.se\/index.php?rest_route=\/wp\/v2\/pages"}],"about":[{"href":"https:\/\/curabmm.se\/index.php?rest_route=\/wp\/v2\/types\/page"}],"author":[{"embeddable":true,"href":"https:\/\/curabmm.se\/index.php?rest_route=\/wp\/v2\/users\/1"}],"replies":[{"embeddable":true,"href":"https:\/\/curabmm.se\/index.php?rest_route=%2Fwp%2Fv2%2Fcomments&post=1143"}],"version-history":[{"count":0,"href":"https:\/\/curabmm.se\/index.php?rest_route=\/wp\/v2\/pages\/1143\/revisions"}],"wp:attachment":[{"href":"https:\/\/curabmm.se\/index.php?rest_route=%2Fwp%2Fv2%2Fmedia&parent=1143"}],"curies":[{"name":"wp","href":"https:\/\/api.w.org\/{rel}","templated":true}]}}